{"id":67,"date":"2023-11-05T19:41:57","date_gmt":"2023-11-05T19:41:57","guid":{"rendered":"https:\/\/grants.ulbsibiu.ro\/tradespace\/?page_id=67"},"modified":"2024-01-25T11:05:34","modified_gmt":"2024-01-25T11:05:34","slug":"alina-bako","status":"publish","type":"page","link":"https:\/\/grants.ulbsibiu.ro\/tradespace\/equipe-du-projet\/alina-bako\/","title":{"rendered":"Alina BAKO"},"content":{"rendered":"\n<div class=\"wp-block-group has-global-padding is-layout-constrained wp-block-group-is-layout-constrained\">\n<figure class=\"wp-block-image alignleft is-resized\"><img decoding=\"async\" loading=\"lazy\" width=\"500\" height=\"507\" src=\"https:\/\/grants.ulbsibiu.ro\/tradespace\/wp-content\/uploads\/Alina-Bako.jpg\" alt=\"\" class=\"wp-image-87\" style=\"aspect-ratio:0.9861932938856016;width:209px;height:auto\" srcset=\"https:\/\/grants.ulbsibiu.ro\/tradespace\/wp-content\/uploads\/Alina-Bako.jpg 500w, https:\/\/grants.ulbsibiu.ro\/tradespace\/wp-content\/uploads\/Alina-Bako-296x300.jpg 296w\" sizes=\"(max-width: 500px) 100vw, 500px\" \/><\/figure>\n\n\n\n<p>Universit\u00e9 \u00ab Lucian Blaga\u00a0\u00bb de Sibiu<\/p>\n\n\n\n<p>E-mail: <strong>alina.bako@ulbsibiu.ro<\/strong><\/p>\n\n\n\n<p>Elle est ma\u00eetre-assistante \u00e0 la Facult\u00e9 des Lettres et Arts, D\u00e9partement d&#8217;\u00e9tudes romanes, Universit\u00e9 \u00abLucian Blaga\u00a0\u00bb de Sibiu. Elle enseigne des cours sur la p\u00e9riode litt\u00e9raire de 1868 \u00e0 1948, sur les structures narratives\u00a0dans la prose roumaine, sur les cartographies fictionnelles. Parmi ses publications, il y a des <strong>livres et des anthologies comme:\u00a0<\/strong> Bako, Alina,\u00a0<em>Gu\u00e9rir par la litt\u00e9rature. Repr\u00e9sentations de la maladie dans le roman roumain<\/em>\u00a0<em>(1960-1980),<\/em>\u00a0Bucarest, Maison d&#8217;\u00e9dition Muzeul Literaturii Rom\u00e2ne, 2019, ISBN 978-973-167-527-5, 342p; Bako, Alina,\u00a0<em>Dinamica imaginarului po\u00e9tique. Grupul onirique rom\u00e2nesc<\/em>, Cluj, Editura Eikon, 2012, ISBN 978-973-757-714-6, 243p.<strong>;<\/strong>\u00a0Bako, Alina (\u00e9diteur),\u00a0<em>Lectures spatiales et paysages linguistiques<\/em>, Cambridge Scholars Publishing, 2022, ISBN : 1-5275-8192-6, 170p.<strong>;\u00a0<\/strong>Bako, Alina,\u00a0<em>Anthologie, \u00e9tude introductive et s\u00e9lection de r\u00e9f\u00e9rences critiques<\/em>\u00a0<em>&#8211; Gellu Naum &#8211; Cent et un po\u00e8mes<\/em>, Maison d&#8217;\u00e9dition de l&#8217;Acad\u00e9mie Roumaine, 2021, ISBN 978-973-27-3352-3, 256p; Bako, Alina,\u00a0<em>Anthologie, \u00e9tude introductive et s\u00e9lection de r\u00e9f\u00e9rences critiques &#8211; Leonid Dimov &#8211; Cent et un po\u00e8mes<\/em>, Maison d&#8217;\u00e9dition de l&#8217;Acad\u00e9mie Roumaine, 2019, ISBN 978-973-27-3111-6, 234p.<strong>;\u00a0<\/strong>Bako, Alina,\u00a0<em>Anthologie, \u00e9tude introductive et s\u00e9lection de r\u00e9f\u00e9rences critiques &#8211; George Top\u00eerceanu &#8211; Cent et un po\u00e8mes<\/em>, Maison d&#8217;\u00e9dition de l&#8217;Acad\u00e9mie Roumaine, 2019, ISBN 978-973-27-3136-9, 289p. Elle a publi\u00e9 aussi plusieurs article comme Bako, Alina,\u00a0<em>Blended spaces in Mircea C\u0103rt\u0103rescu\u2019s novel \u201cBlinding. The Left Wing\u201d.<\/em>\u00a0In\u00a0\u201eWorld Literature Studies\u201d\u00a0<strong>(ISI &#8211; AHCI)<\/strong>, vol. 13, no.4, 2021, pp. 106-116. 1337-9275.\u00a0DOI:\u00a0<a rel=\"noreferrer noopener\" href=\"\/\/doi.org\/10.31577\/WLS.2021.13.4.9\" target=\"_blank\">DOI: https:\/\/doi.org\/10.31577\/WLS.2021.13.4.9<\/a>, WOS:000731455400010.\u00a0Bako, Alina,\u00a0<em>Geocritical Readings of Romanian Literature: Maps and Cartography in Rebreanu\u2019s Canonical Fiction<\/em>\u00a0\u00een \u201eThe Slavonic and East European Review\u201d\u00a0<strong>(ISI &#8211; AHCI)<\/strong>, vol. 99, no. 2, [Modern Humanities Research Association, University College London, School of Slavonic and East European Studies, University College London], 2021, pp. 230\u201355,\u00a0<a href=\"https:\/\/doi.org\/10.5699\/slaveasteurorev2.99.2.0230\">https:\/\/doi.org\/10.5699\/slaveasteurorev2.99.2.0230<\/a>, WOS:000642336600002.\u00a0Bako, Alina,\u00a0<em>The Exile of Narrative: Vintil\u0103 Horia and Herta M\u00fcller<\/em>\u00a0\u00een \u201eRomanistische Zeitschrift Fur Literaturgeschichte\/Cahiers d\u2019Histoire des Litteratures Romanes\u201d,\u00a0<strong>(ISI &#8211; AHCI)<\/strong>,\u00a0\u00a0vol. 45 (2021), no. 3-4, pp. 507-519.<\/p>\n<\/div>\n","protected":false},"excerpt":{"rendered":"<p>Universit\u00e9 \u00ab Lucian Blaga\u00a0\u00bb de Sibiu E-mail: alina.bako@ulbsibiu.ro Elle est ma\u00eetre-assistante \u00e0 la Facult\u00e9 des Lettres et Arts, D\u00e9partement d&#8217;\u00e9tudes romanes, Universit\u00e9 \u00abLucian Blaga\u00a0\u00bb de Sibiu. Elle enseigne des cours sur la p\u00e9riode litt\u00e9raire de 1868 \u00e0 1948, sur les structures narratives\u00a0dans la prose roumaine, sur les cartographies fictionnelles. Parmi ses publications, il y a [&hellip;]<\/p>\n","protected":false},"author":1,"featured_media":0,"parent":11,"menu_order":2,"comment_status":"closed","ping_status":"closed","template":"","meta":{"footnotes":""},"_links":{"self":[{"href":"https:\/\/grants.ulbsibiu.ro\/tradespace\/wp-json\/wp\/v2\/pages\/67"}],"collection":[{"href":"https:\/\/grants.ulbsibiu.ro\/tradespace\/wp-json\/wp\/v2\/pages"}],"about":[{"href":"https:\/\/grants.ulbsibiu.ro\/tradespace\/wp-json\/wp\/v2\/types\/page"}],"author":[{"embeddable":true,"href":"https:\/\/grants.ulbsibiu.ro\/tradespace\/wp-json\/wp\/v2\/users\/1"}],"replies":[{"embeddable":true,"href":"https:\/\/grants.ulbsibiu.ro\/tradespace\/wp-json\/wp\/v2\/comments?post=67"}],"version-history":[{"count":8,"href":"https:\/\/grants.ulbsibiu.ro\/tradespace\/wp-json\/wp\/v2\/pages\/67\/revisions"}],"predecessor-version":[{"id":168,"href":"https:\/\/grants.ulbsibiu.ro\/tradespace\/wp-json\/wp\/v2\/pages\/67\/revisions\/168"}],"up":[{"embeddable":true,"href":"https:\/\/grants.ulbsibiu.ro\/tradespace\/wp-json\/wp\/v2\/pages\/11"}],"wp:attachment":[{"href":"https:\/\/grants.ulbsibiu.ro\/tradespace\/wp-json\/wp\/v2\/media?parent=67"}],"curies":[{"name":"wp","href":"https:\/\/api.w.org\/{rel}","templated":true}]}}