{"id":27,"date":"2025-02-04T20:56:33","date_gmt":"2025-02-04T20:56:33","guid":{"rendered":"https:\/\/grants.ulbsibiu.ro\/strasyn\/?page_id=27"},"modified":"2025-02-08T08:04:55","modified_gmt":"2025-02-08T08:04:55","slug":"team","status":"publish","type":"page","link":"https:\/\/grants.ulbsibiu.ro\/strasyn\/team\/","title":{"rendered":"Team"},"content":{"rendered":"\t\t<div data-elementor-type=\"wp-page\" data-elementor-id=\"27\" class=\"elementor elementor-27\">\n\t\t\t\t<div class=\"has_eae_slider elementor-element elementor-element-e49e997 e-flex e-con-boxed e-con e-parent\" data-id=\"e49e997\" data-element_type=\"container\">\n\t\t\t\t\t<div class=\"e-con-inner\">\n\t\t<div class=\"has_eae_slider elementor-element elementor-element-4b7c811 e-con-full e-flex e-con e-child\" data-id=\"4b7c811\" data-element_type=\"container\">\n\t\t\t\t<div class=\"elementor-element elementor-element-91793aa elementor-widget elementor-widget-image\" data-id=\"91793aa\" data-element_type=\"widget\" data-widget_type=\"image.default\">\n\t\t\t\t<div class=\"elementor-widget-container\">\n\t\t\t\t\t\t\t\t\t\t\t\t\t\t\t<img fetchpriority=\"high\" decoding=\"async\" width=\"650\" height=\"650\" src=\"https:\/\/grants.ulbsibiu.ro\/strasyn\/wp-content\/uploads\/STRASYN-Tihanov-650x650.jpg\" class=\"attachment-qi_addons_for_elementor_image_size_square size-qi_addons_for_elementor_image_size_square wp-image-43\" alt=\"\" srcset=\"https:\/\/grants.ulbsibiu.ro\/strasyn\/wp-content\/uploads\/STRASYN-Tihanov-650x650.jpg 650w, https:\/\/grants.ulbsibiu.ro\/strasyn\/wp-content\/uploads\/STRASYN-Tihanov-150x150.jpg 150w, https:\/\/grants.ulbsibiu.ro\/strasyn\/wp-content\/uploads\/STRASYN-Tihanov-1300x1300.jpg 1300w\" sizes=\"(max-width: 650px) 100vw, 650px\" \/>\t\t\t\t\t\t\t\t\t\t\t\t\t\t\t<\/div>\n\t\t\t\t<\/div>\n\t\t\t\t<\/div>\n\t\t<div class=\"has_eae_slider elementor-element elementor-element-a5dae3f e-con-full e-flex e-con e-child\" data-id=\"a5dae3f\" data-element_type=\"container\">\n\t\t\t\t<div class=\"elementor-element elementor-element-e66e36d premium-header-inline elementor-widget elementor-widget-premium-addon-dual-header\" data-id=\"e66e36d\" data-element_type=\"widget\" data-widget_type=\"premium-addon-dual-header.default\">\n\t\t\t\t<div class=\"elementor-widget-container\">\n\t\t\t\t\t\r\n\t\t\t\t\t<p class=\"premium-dual-header-first-header \"><span class=\"premium-dual-header-first-span\">Galin Tihanov <\/span><span class=\"premium-dual-header-second-header \">Principal Investigator<\/span><\/p> \t\t\r\n\t\t\t\t\t\t<\/div>\n\t\t\t\t<\/div>\n\t\t\t\t<div class=\"elementor-element elementor-element-2b8ddae elementor-widget elementor-widget-text-editor\" data-id=\"2b8ddae\" data-element_type=\"widget\" data-widget_type=\"text-editor.default\">\n\t\t\t\t<div class=\"elementor-widget-container\">\n\t\t\t\t\t\t\t\t\t<p>Galin Tihanov is the George Steiner Professor of Comparative Literature at Queen Mary University of London. He has held visiting professorships at universities in Europe, North and South America, and Asia. He is the author of six books, including\u00a0<em>The Birth and Death of Literary Theory: Regimes of Relevance in Russia and Beyond<\/em>\u00a0(Stanford UP, 2019) which won the 2020 AATSEEL Prize for \u201cbest book in literary studies\u201d.\u00a0Tihanov has been elected to the British Academy (2021) and to Academia Europaea (2012). He serves on the Executive Board of the Institute for World Literature at Harvard University and as Honorary Scientific Advisor to the Institute of Foreign Literatures, CASS, Beijing; he is also Past President of the ICLA Committee on Literary Theory. His current work is on world literature, cosmopolitanism, and exile.\u00a0<\/p>\t\t\t\t\t\t\t\t<\/div>\n\t\t\t\t<\/div>\n\t\t\t\t<\/div>\n\t\t\t\t\t<\/div>\n\t\t\t\t<\/div>\n\t\t<div class=\"has_eae_slider elementor-element elementor-element-54aeeb2 e-flex e-con-boxed e-con e-parent\" data-id=\"54aeeb2\" data-element_type=\"container\">\n\t\t\t\t\t<div class=\"e-con-inner\">\n\t\t<div class=\"has_eae_slider elementor-element elementor-element-5241cab e-con-full e-flex e-con e-child\" data-id=\"5241cab\" data-element_type=\"container\">\n\t\t\t\t<div class=\"elementor-element elementor-element-1ab9163 elementor-widget elementor-widget-image\" data-id=\"1ab9163\" data-element_type=\"widget\" data-widget_type=\"image.default\">\n\t\t\t\t<div class=\"elementor-widget-container\">\n\t\t\t\t\t\t\t\t\t\t\t\t\t\t\t<img decoding=\"async\" width=\"650\" height=\"650\" src=\"https:\/\/grants.ulbsibiu.ro\/strasyn\/wp-content\/uploads\/Terian-650x650.jpeg\" class=\"attachment-qi_addons_for_elementor_image_size_square size-qi_addons_for_elementor_image_size_square wp-image-45\" alt=\"\" srcset=\"https:\/\/grants.ulbsibiu.ro\/strasyn\/wp-content\/uploads\/Terian-650x650.jpeg 650w, https:\/\/grants.ulbsibiu.ro\/strasyn\/wp-content\/uploads\/Terian-150x150.jpeg 150w\" sizes=\"(max-width: 650px) 100vw, 650px\" \/>\t\t\t\t\t\t\t\t\t\t\t\t\t\t\t<\/div>\n\t\t\t\t<\/div>\n\t\t\t\t<\/div>\n\t\t<div class=\"has_eae_slider elementor-element elementor-element-a31c1dd e-con-full e-flex e-con e-child\" data-id=\"a31c1dd\" data-element_type=\"container\">\n\t\t\t\t<div class=\"elementor-element elementor-element-bb97400 premium-header-inline elementor-widget elementor-widget-premium-addon-dual-header\" data-id=\"bb97400\" data-element_type=\"widget\" data-widget_type=\"premium-addon-dual-header.default\">\n\t\t\t\t<div class=\"elementor-widget-container\">\n\t\t\t\t\t\r\n\t\t\t\t\t<p class=\"premium-dual-header-first-header \"><span class=\"premium-dual-header-first-span\">Andrei Terian <\/span><span class=\"premium-dual-header-second-header \">Executive Manager<\/span><\/p> \t\t\r\n\t\t\t\t\t\t<\/div>\n\t\t\t\t<\/div>\n\t\t\t\t<div class=\"elementor-element elementor-element-c330e5b elementor-widget elementor-widget-text-editor\" data-id=\"c330e5b\" data-element_type=\"widget\" data-widget_type=\"text-editor.default\">\n\t\t\t\t<div class=\"elementor-widget-container\">\n\t\t\t\t\t\t\t\t\t<p>Andrei Terian is Professor of Romanian literature and Vice Rector for Research, Innovation, and Internationalization at the Lucian Blaga University of Sibiu, Romania. His specialties are 19<sup>th<\/sup>\u00a0to 21<sup>st<\/sup>\u00a0century Romanian literature, world literature, and cultural heritage. He has published essays in international journals such as\u00a0<em>Textual Practice<\/em>,\u00a0<em>Life Writing, CLCWeb \u2013 Comparative Literature and Culture, Slovo, World Literature Studies, Primerjalna Knji\u017eevnost, Interlitteraria, ALEA: Estudos Neolatinos.<\/em>\u00a0His latest books include the coedited volumes\u00a0<em>Romanian Literature as World Literature\u00a0<\/em>(Bloomsbury, 2018) and\u00a0<em>Theory in the \u201cPost\u201d Era\u00a0<\/em>(Bloomsbury, 2021; AATSEEL Prize for Best Multi-Scholarly Volume). He is the also the PI of the project \u201cEstablishing a Laboratory of Cultural Heritage in Central Romania\u201d (2023\u20132025).<\/p>\t\t\t\t\t\t\t\t<\/div>\n\t\t\t\t<\/div>\n\t\t\t\t<\/div>\n\t\t\t\t\t<\/div>\n\t\t\t\t<\/div>\n\t\t<div class=\"has_eae_slider elementor-element elementor-element-0be20bf e-flex e-con-boxed e-con e-parent\" data-id=\"0be20bf\" data-element_type=\"container\">\n\t\t\t\t\t<div class=\"e-con-inner\">\n\t\t<div class=\"has_eae_slider elementor-element elementor-element-a5a8027 e-con-full e-flex e-con e-child\" data-id=\"a5a8027\" data-element_type=\"container\">\n\t\t\t\t<div class=\"elementor-element elementor-element-85db205 elementor-widget elementor-widget-image\" data-id=\"85db205\" data-element_type=\"widget\" data-widget_type=\"image.default\">\n\t\t\t\t<div class=\"elementor-widget-container\">\n\t\t\t\t\t\t\t\t\t\t\t\t\t\t\t<img decoding=\"async\" width=\"650\" height=\"650\" src=\"https:\/\/grants.ulbsibiu.ro\/strasyn\/wp-content\/uploads\/STRASYN-Juvan-650x650.jpg\" class=\"attachment-qi_addons_for_elementor_image_size_square size-qi_addons_for_elementor_image_size_square wp-image-37\" alt=\"\" srcset=\"https:\/\/grants.ulbsibiu.ro\/strasyn\/wp-content\/uploads\/STRASYN-Juvan-650x650.jpg 650w, https:\/\/grants.ulbsibiu.ro\/strasyn\/wp-content\/uploads\/STRASYN-Juvan-300x300.jpg 300w, https:\/\/grants.ulbsibiu.ro\/strasyn\/wp-content\/uploads\/STRASYN-Juvan-1024x1024.jpg 1024w, https:\/\/grants.ulbsibiu.ro\/strasyn\/wp-content\/uploads\/STRASYN-Juvan-150x150.jpg 150w, https:\/\/grants.ulbsibiu.ro\/strasyn\/wp-content\/uploads\/STRASYN-Juvan-768x768.jpg 768w, https:\/\/grants.ulbsibiu.ro\/strasyn\/wp-content\/uploads\/STRASYN-Juvan-1536x1536.jpg 1536w, https:\/\/grants.ulbsibiu.ro\/strasyn\/wp-content\/uploads\/STRASYN-Juvan-1300x1300.jpg 1300w, https:\/\/grants.ulbsibiu.ro\/strasyn\/wp-content\/uploads\/STRASYN-Juvan.jpg 1772w\" sizes=\"(max-width: 650px) 100vw, 650px\" \/>\t\t\t\t\t\t\t\t\t\t\t\t\t\t\t<\/div>\n\t\t\t\t<\/div>\n\t\t\t\t<\/div>\n\t\t<div class=\"has_eae_slider elementor-element elementor-element-b84eb73 e-con-full e-flex e-con e-child\" data-id=\"b84eb73\" data-element_type=\"container\">\n\t\t\t\t<div class=\"elementor-element elementor-element-106b845 premium-header-inline elementor-widget elementor-widget-premium-addon-dual-header\" data-id=\"106b845\" data-element_type=\"widget\" data-widget_type=\"premium-addon-dual-header.default\">\n\t\t\t\t<div class=\"elementor-widget-container\">\n\t\t\t\t\t\r\n\t\t\t\t\t<p class=\"premium-dual-header-first-header \"><span class=\"premium-dual-header-first-span\">Marko Juvan <\/span><span class=\"premium-dual-header-second-header \">Team Leader<\/span><\/p> \t\t\r\n\t\t\t\t\t\t<\/div>\n\t\t\t\t<\/div>\n\t\t\t\t<div class=\"elementor-element elementor-element-9ca0c06 elementor-widget elementor-widget-text-editor\" data-id=\"9ca0c06\" data-element_type=\"widget\" data-widget_type=\"text-editor.default\">\n\t\t\t\t<div class=\"elementor-widget-container\">\n\t\t\t\t\t\t\t\t\t<p>Marko Juvan, a member of the Academia Europaea and the Slovenian Academy of Sciences and Arts, is Senior Researcher at the ZRC SAZU Institute of Slovenian Literature and Literary Studies, Professor of Literary Theory at the University of Ljubljana and a member of the ICLA\/AILC Executive Committee. His publications on poetics, discourse theory, intertextuality, literary geography, world literature, romanticism, modernism and neo-avant-garde include the books <em>History and Poetics of Intertextuality<\/em> (Purdue University Press, 2008), <em>Literary Studies in Reconstruction<\/em> (Peter Lang, 2011), <em>Hibridni \u017eanri<\/em> (Hybrid Genres, Ljubljana, 2017), <em>Worlding a Peripheral Literature<\/em> (Palgrave Macmillan, 2019), and <em>Zadnja sezona modernizma in maj\u201968<\/em> (The Last Season of Modernism and May \u201968, Ljubljana, 2023) as well as edited volumes such as <em>Writing Literary History<\/em> (co-editor Darko Dolinar, P. Lang, 2006), <em>World Literatures From the Nineteenth to the Twenty-First Century<\/em>, CLCWeb 15.5, Purdue University, 2013) and <em>Prostori slovenske knji\u017eevnosti<\/em> (The Spaces of Slovenian Literature, Ljubljana, 2016).<\/p>\t\t\t\t\t\t\t\t<\/div>\n\t\t\t\t<\/div>\n\t\t\t\t<\/div>\n\t\t\t\t\t<\/div>\n\t\t\t\t<\/div>\n\t\t<div class=\"has_eae_slider elementor-element elementor-element-7f3e3e8 e-flex e-con-boxed e-con e-parent\" data-id=\"7f3e3e8\" data-element_type=\"container\">\n\t\t\t\t\t<div class=\"e-con-inner\">\n\t\t<div class=\"has_eae_slider elementor-element elementor-element-518e35f e-con-full e-flex e-con e-child\" data-id=\"518e35f\" data-element_type=\"container\">\n\t\t\t\t<div class=\"elementor-element elementor-element-7f39eaa elementor-widget elementor-widget-image\" data-id=\"7f39eaa\" data-element_type=\"widget\" data-widget_type=\"image.default\">\n\t\t\t\t<div class=\"elementor-widget-container\">\n\t\t\t\t\t\t\t\t\t\t\t\t\t\t\t<img loading=\"lazy\" decoding=\"async\" width=\"650\" height=\"650\" src=\"https:\/\/grants.ulbsibiu.ro\/strasyn\/wp-content\/uploads\/STRASYN-Penchev-650x650.jpg\" class=\"attachment-qi_addons_for_elementor_image_size_square size-qi_addons_for_elementor_image_size_square wp-image-39\" alt=\"\" srcset=\"https:\/\/grants.ulbsibiu.ro\/strasyn\/wp-content\/uploads\/STRASYN-Penchev-650x650.jpg 650w, https:\/\/grants.ulbsibiu.ro\/strasyn\/wp-content\/uploads\/STRASYN-Penchev-150x150.jpg 150w\" sizes=\"(max-width: 650px) 100vw, 650px\" \/>\t\t\t\t\t\t\t\t\t\t\t\t\t\t\t<\/div>\n\t\t\t\t<\/div>\n\t\t\t\t<\/div>\n\t\t<div class=\"has_eae_slider elementor-element elementor-element-61e3a69 e-con-full e-flex e-con e-child\" data-id=\"61e3a69\" data-element_type=\"container\">\n\t\t\t\t<div class=\"elementor-element elementor-element-c7833db premium-header-inline elementor-widget elementor-widget-premium-addon-dual-header\" data-id=\"c7833db\" data-element_type=\"widget\" data-widget_type=\"premium-addon-dual-header.default\">\n\t\t\t\t<div class=\"elementor-widget-container\">\n\t\t\t\t\t\r\n\t\t\t\t\t<p class=\"premium-dual-header-first-header \"><span class=\"premium-dual-header-first-span\">Boyko Penchev <\/span><span class=\"premium-dual-header-second-header \">Team Leader<\/span><\/p> \t\t\r\n\t\t\t\t\t\t<\/div>\n\t\t\t\t<\/div>\n\t\t\t\t<div class=\"elementor-element elementor-element-e5d2748 elementor-widget elementor-widget-text-editor\" data-id=\"e5d2748\" data-element_type=\"widget\" data-widget_type=\"text-editor.default\">\n\t\t\t\t<div class=\"elementor-widget-container\">\n\t\t\t\t\t\t\t\t\t<p>Boyko Penchev is Associate Professor of Bulgarian Literature at the University of Sofia. His reasearch fields include literary history, cultural studies, modernity and modernism, ideology studies. He is the author of \u201cThe Sorrows of Fin de Siecle. Studies in Literary history and Criticism\u201d (1998), \u201cThe Bulgarian Modernism: the Modelling of the Self\u201d (2003), \u201cSeptember \u201923: Ideology of Memory\u201d (2006), Contested Legacies (2017) and \u201cProgressivists and Conservatives. Temporal Patterns in Bulgarian Literature of the Late 1940s to the 1970s\u201d (2023), all of them in Blulgarian. Contributor to the collective volumes \u201cHistory of the Literary Cultures of East-Central Europe Vol.I, II and IV\u201d (2004 \u2013 2009) and \u201cBulgarian Literature as World Literature\u201d (2020), all of them in English.<\/p>\t\t\t\t\t\t\t\t<\/div>\n\t\t\t\t<\/div>\n\t\t\t\t<\/div>\n\t\t\t\t\t<\/div>\n\t\t\t\t<\/div>\n\t\t<div class=\"has_eae_slider elementor-element elementor-element-67ff75f e-flex e-con-boxed e-con e-parent\" data-id=\"67ff75f\" data-element_type=\"container\">\n\t\t\t\t\t<div class=\"e-con-inner\">\n\t\t<div class=\"has_eae_slider elementor-element elementor-element-f4ca6ea e-con-full e-flex e-con e-child\" data-id=\"f4ca6ea\" data-element_type=\"container\">\n\t\t\t\t<div class=\"elementor-element elementor-element-53abdb8 elementor-widget elementor-widget-image\" data-id=\"53abdb8\" data-element_type=\"widget\" data-widget_type=\"image.default\">\n\t\t\t\t<div class=\"elementor-widget-container\">\n\t\t\t\t\t\t\t\t\t\t\t\t\t\t\t<img loading=\"lazy\" decoding=\"async\" width=\"650\" height=\"650\" src=\"https:\/\/grants.ulbsibiu.ro\/strasyn\/wp-content\/uploads\/STRASYN-Dumitru-650x650.jpeg\" class=\"attachment-qi_addons_for_elementor_image_size_square size-qi_addons_for_elementor_image_size_square wp-image-35\" alt=\"\" srcset=\"https:\/\/grants.ulbsibiu.ro\/strasyn\/wp-content\/uploads\/STRASYN-Dumitru-650x650.jpeg 650w, https:\/\/grants.ulbsibiu.ro\/strasyn\/wp-content\/uploads\/STRASYN-Dumitru-150x150.jpeg 150w\" sizes=\"(max-width: 650px) 100vw, 650px\" \/>\t\t\t\t\t\t\t\t\t\t\t\t\t\t\t<\/div>\n\t\t\t\t<\/div>\n\t\t\t\t<\/div>\n\t\t<div class=\"has_eae_slider elementor-element elementor-element-467c8fc e-con-full e-flex e-con e-child\" data-id=\"467c8fc\" data-element_type=\"container\">\n\t\t\t\t<div class=\"elementor-element elementor-element-8ea9413 premium-header-inline elementor-widget elementor-widget-premium-addon-dual-header\" data-id=\"8ea9413\" data-element_type=\"widget\" data-widget_type=\"premium-addon-dual-header.default\">\n\t\t\t\t<div class=\"elementor-widget-container\">\n\t\t\t\t\t\r\n\t\t\t\t\t<p class=\"premium-dual-header-first-header \"><span class=\"premium-dual-header-first-span\">Teodora Dumitru <\/span><span class=\"premium-dual-header-second-header \">Senior Researcher<\/span><\/p> \t\t\r\n\t\t\t\t\t\t<\/div>\n\t\t\t\t<\/div>\n\t\t\t\t<div class=\"elementor-element elementor-element-56585b3 elementor-widget elementor-widget-text-editor\" data-id=\"56585b3\" data-element_type=\"widget\" data-widget_type=\"text-editor.default\">\n\t\t\t\t<div class=\"elementor-widget-container\">\n\t\t\t\t\t\t\t\t\t<p>Teodora Dumitru has earned her PhD from University of Bucharest and is currently a senior researcher with the G. Calinescu Institute of Literary History and Theory of the Romanian Academy. Her research focuses on the relation between metaliterary and scientific discourses (19th-20th centuries), literary epistemology, and history of modernity\/ modernism\/ postmodernism. She has published the monographs <em>Sindromul evolu\u0163ionist<\/em> [The Evolutionary Syndrome] (2013), <em>Modernitatea politic\u0103 \u0219i literar\u0103 \u00een g\u00e2ndirea lui E. Lovinescu<\/em> [The Literary and Political Modernity According to Eugen Lovinescu] (2016), and <em>Re\u021beaua modernit\u0103\u021bilor: Paul de Man \u2013 Matei C\u0103linescu \u2013 Antoine Compagnon<\/em> [The Web of Modernities: Paul de Man \u2013 Matei C\u0103linescu \u2013 Antoine Compagnon] (2016). She has contributed to the volumes <em>Romanian Literature as World Literature<\/em> (edited by Mircea Martin, Christian Moraru, and Andrei Terian, New York: Bloomsbury, 2018), <em>Ruralism and Literature in Romania<\/em> (edited by \u0218tefan Baghiu, Vlad Pojoga, and Maria Sass, Berlin: Peter Lang, 2019), <em>Theory in the \u2018Post\u2019 Era<\/em> (edited by Alexandru Matei, Christian Moraru, and Andrei Terian, New York: Bloomsbury Academic, 2021), and <em>The German Model in Romanian Culture<\/em> (edited by Maria Sass, Ovio Olaru, and Andrei Terian, Berlin: Peter Lang, 2023).<\/p>\t\t\t\t\t\t\t\t<\/div>\n\t\t\t\t<\/div>\n\t\t\t\t<\/div>\n\t\t\t\t\t<\/div>\n\t\t\t\t<\/div>\n\t\t<div class=\"has_eae_slider elementor-element elementor-element-673b2f0 e-flex e-con-boxed e-con e-parent\" data-id=\"673b2f0\" data-element_type=\"container\">\n\t\t\t\t\t<div class=\"e-con-inner\">\n\t\t<div class=\"has_eae_slider elementor-element elementor-element-7e88933 e-con-full e-flex e-con e-child\" data-id=\"7e88933\" data-element_type=\"container\">\n\t\t\t\t<div class=\"elementor-element elementor-element-6ea7eee elementor-widget elementor-widget-image\" data-id=\"6ea7eee\" data-element_type=\"widget\" data-widget_type=\"image.default\">\n\t\t\t\t<div class=\"elementor-widget-container\">\n\t\t\t\t\t\t\t\t\t\t\t\t\t\t\t<img loading=\"lazy\" decoding=\"async\" width=\"650\" height=\"650\" src=\"https:\/\/grants.ulbsibiu.ro\/strasyn\/wp-content\/uploads\/STRASYN-Iovanel-650x650.jpg\" class=\"attachment-qi_addons_for_elementor_image_size_square size-qi_addons_for_elementor_image_size_square wp-image-36\" alt=\"\" srcset=\"https:\/\/grants.ulbsibiu.ro\/strasyn\/wp-content\/uploads\/STRASYN-Iovanel-650x650.jpg 650w, https:\/\/grants.ulbsibiu.ro\/strasyn\/wp-content\/uploads\/STRASYN-Iovanel-150x150.jpg 150w, https:\/\/grants.ulbsibiu.ro\/strasyn\/wp-content\/uploads\/STRASYN-Iovanel-1300x1300.jpg 1300w\" sizes=\"(max-width: 650px) 100vw, 650px\" \/>\t\t\t\t\t\t\t\t\t\t\t\t\t\t\t<\/div>\n\t\t\t\t<\/div>\n\t\t\t\t<\/div>\n\t\t<div class=\"has_eae_slider elementor-element elementor-element-ce6759b e-con-full e-flex e-con e-child\" data-id=\"ce6759b\" data-element_type=\"container\">\n\t\t\t\t<div class=\"elementor-element elementor-element-ab3d3e1 premium-header-inline elementor-widget elementor-widget-premium-addon-dual-header\" data-id=\"ab3d3e1\" data-element_type=\"widget\" data-widget_type=\"premium-addon-dual-header.default\">\n\t\t\t\t<div class=\"elementor-widget-container\">\n\t\t\t\t\t\r\n\t\t\t\t\t<p class=\"premium-dual-header-first-header \"><span class=\"premium-dual-header-first-span\">Mihai Iov\u0103nel <\/span><span class=\"premium-dual-header-second-header \">Senior Researcher<\/span><\/p> \t\t\r\n\t\t\t\t\t\t<\/div>\n\t\t\t\t<\/div>\n\t\t\t\t<div class=\"elementor-element elementor-element-3914ccb elementor-widget elementor-widget-text-editor\" data-id=\"3914ccb\" data-element_type=\"widget\" data-widget_type=\"text-editor.default\">\n\t\t\t\t<div class=\"elementor-widget-container\">\n\t\t\t\t\t\t\t\t\t<p>Mihai Iov\u0103nel holds a Ph.D. from the University of Bucharest and is a senior researcher at the G. C\u0103linescu Institute of Literary History and Theory of the Romanian Academy. He is the author of <em>The Improbable Jew<\/em><em>\u2014Mihail Sebastian: An Ideological Monograph<\/em> (2012), <em>The Detective Novel<\/em> (2015), <em>The Ideologies of Romanian Postcommunist Literature<\/em> (2017), and <em>History of Contemporary Romanian Literature: 1990-2020<\/em> (2021). He has also written <em>Moving Pictures. Dialogues on Criticism and Cinema<\/em> (2023) with Andrei Gorzo. He is co-editor of the eight-volume <em>General Dictionary of Romanian Literature <\/em>(2016-2021). He also contributed to the volumes <em>Romanian Literature as World Literature<\/em>, edited by Mircea Martin, Christian Moraru, and Andrei Terian (Bloomsbury Academic, 2017), <em>Ruralism and Literature in Romania<\/em>, edited by \u0218tefan Baghiu, Vlad Pojoga, and Maria Sass (Peter Lang, 2019), <em>Theory in the &#8220;Post&#8221; Era. A Vocabulary for the 21st-Century Conceptual Commons<\/em>, edited by Alexandru Matei, Christian Moraru, and Andrei Terian (Bloomsbury Academic, 2021), and <em>Beyond the Iron Curtain: Revisiting the Literary System of Communist Romania<\/em>, edited by \u0218tefan Baghiu, Ovio Olaru, and Andrei Terian (Peter Lang, 2021).<\/p>\t\t\t\t\t\t\t\t<\/div>\n\t\t\t\t<\/div>\n\t\t\t\t<\/div>\n\t\t\t\t\t<\/div>\n\t\t\t\t<\/div>\n\t\t<div class=\"has_eae_slider elementor-element elementor-element-4730c7b e-flex e-con-boxed e-con e-parent\" data-id=\"4730c7b\" data-element_type=\"container\">\n\t\t\t\t\t<div class=\"e-con-inner\">\n\t\t<div class=\"has_eae_slider elementor-element elementor-element-f72cc80 e-con-full e-flex e-con e-child\" data-id=\"f72cc80\" data-element_type=\"container\">\n\t\t\t\t<div class=\"elementor-element elementor-element-b0333a0 elementor-widget elementor-widget-image\" data-id=\"b0333a0\" data-element_type=\"widget\" data-widget_type=\"image.default\">\n\t\t\t\t<div class=\"elementor-widget-container\">\n\t\t\t\t\t\t\t\t\t\t\t\t\t\t\t<img loading=\"lazy\" decoding=\"async\" width=\"650\" height=\"650\" src=\"https:\/\/grants.ulbsibiu.ro\/strasyn\/wp-content\/uploads\/WIN_20211126_07_39_46_Pro-650x650.jpg\" class=\"attachment-qi_addons_for_elementor_image_size_square size-qi_addons_for_elementor_image_size_square wp-image-98\" alt=\"\" srcset=\"https:\/\/grants.ulbsibiu.ro\/strasyn\/wp-content\/uploads\/WIN_20211126_07_39_46_Pro-650x650.jpg 650w, https:\/\/grants.ulbsibiu.ro\/strasyn\/wp-content\/uploads\/WIN_20211126_07_39_46_Pro-150x150.jpg 150w\" sizes=\"(max-width: 650px) 100vw, 650px\" \/>\t\t\t\t\t\t\t\t\t\t\t\t\t\t\t<\/div>\n\t\t\t\t<\/div>\n\t\t\t\t<\/div>\n\t\t<div class=\"has_eae_slider elementor-element elementor-element-b041e7e e-con-full e-flex e-con e-child\" data-id=\"b041e7e\" data-element_type=\"container\">\n\t\t\t\t<div class=\"elementor-element elementor-element-15f5c42 premium-header-inline elementor-widget elementor-widget-premium-addon-dual-header\" data-id=\"15f5c42\" data-element_type=\"widget\" data-widget_type=\"premium-addon-dual-header.default\">\n\t\t\t\t<div class=\"elementor-widget-container\">\n\t\t\t\t\t\r\n\t\t\t\t\t<p class=\"premium-dual-header-first-header \"><span class=\"premium-dual-header-first-span\">Aleksandar Mijatovi\u0107 <\/span><span class=\"premium-dual-header-second-header \">Senior Researcher<\/span><\/p> \t\t\r\n\t\t\t\t\t\t<\/div>\n\t\t\t\t<\/div>\n\t\t\t\t<div class=\"elementor-element elementor-element-fc6ca0b elementor-widget elementor-widget-text-editor\" data-id=\"fc6ca0b\" data-element_type=\"widget\" data-widget_type=\"text-editor.default\">\n\t\t\t\t<div class=\"elementor-widget-container\">\n\t\t\t\t\t\t\t\t\t<p>Aleksandar Mijatovi\u0107, Ph.D., is a full professor of Literary Theory and History at the Faculty of Humanities and Social Sciences, University of Rijeka. He published chapters in edited collections by Rodopi, Palgrave, BRILL, and Routledge and scientific papers in international journals (such as Angelaki: Journal of the Theoretical Humanities, Slavia Meridionalis, IKON: Journal of Iconographic Studies, Language Design: Journal of Theoretical and Experimental Linguistics, etc.). He authored the book <em>Temporalities of Post-Yugoslav Literature: The Politics of Time<\/em> (2020) for Rowman &amp; Littlefield and co-authored edited collection Reconsidering (Post-)Yugoslav Time: Towards the Temporal Turn in the Critical Study of (Post)-Yugoslav Literature (2021) for BRILL. Recently he authored the book<em> Preobrazbe knji\u017eevne teorije<\/em> (2024).<\/p>\t\t\t\t\t\t\t\t<\/div>\n\t\t\t\t<\/div>\n\t\t\t\t<\/div>\n\t\t\t\t\t<\/div>\n\t\t\t\t<\/div>\n\t\t<div class=\"has_eae_slider elementor-element elementor-element-5271bdb e-flex e-con-boxed e-con e-parent\" data-id=\"5271bdb\" data-element_type=\"container\">\n\t\t\t\t\t<div class=\"e-con-inner\">\n\t\t<div class=\"has_eae_slider elementor-element elementor-element-02e2ee0 e-con-full e-flex e-con e-child\" data-id=\"02e2ee0\" data-element_type=\"container\">\n\t\t\t\t<div class=\"elementor-element elementor-element-7051c01 elementor-widget elementor-widget-image\" data-id=\"7051c01\" data-element_type=\"widget\" data-widget_type=\"image.default\">\n\t\t\t\t<div class=\"elementor-widget-container\">\n\t\t\t\t\t\t\t\t\t\t\t\t\t\t\t<img loading=\"lazy\" decoding=\"async\" width=\"650\" height=\"650\" src=\"https:\/\/grants.ulbsibiu.ro\/strasyn\/wp-content\/uploads\/STRASYN-Spassova-650x650.jpg\" class=\"attachment-qi_addons_for_elementor_image_size_square size-qi_addons_for_elementor_image_size_square wp-image-40\" alt=\"\" srcset=\"https:\/\/grants.ulbsibiu.ro\/strasyn\/wp-content\/uploads\/STRASYN-Spassova-650x650.jpg 650w, https:\/\/grants.ulbsibiu.ro\/strasyn\/wp-content\/uploads\/STRASYN-Spassova-150x150.jpg 150w, https:\/\/grants.ulbsibiu.ro\/strasyn\/wp-content\/uploads\/STRASYN-Spassova-1300x1300.jpg 1300w\" sizes=\"(max-width: 650px) 100vw, 650px\" \/>\t\t\t\t\t\t\t\t\t\t\t\t\t\t\t<\/div>\n\t\t\t\t<\/div>\n\t\t\t\t<\/div>\n\t\t<div class=\"has_eae_slider elementor-element elementor-element-76bd260 e-con-full e-flex e-con e-child\" data-id=\"76bd260\" data-element_type=\"container\">\n\t\t\t\t<div class=\"elementor-element elementor-element-9d7e553 premium-header-inline elementor-widget elementor-widget-premium-addon-dual-header\" data-id=\"9d7e553\" data-element_type=\"widget\" data-widget_type=\"premium-addon-dual-header.default\">\n\t\t\t\t<div class=\"elementor-widget-container\">\n\t\t\t\t\t\r\n\t\t\t\t\t<p class=\"premium-dual-header-first-header \"><span class=\"premium-dual-header-first-span\">Kamelia Spassova <\/span><span class=\"premium-dual-header-second-header \">Senior Researcher<\/span><\/p> \t\t\r\n\t\t\t\t\t\t<\/div>\n\t\t\t\t<\/div>\n\t\t\t\t<div class=\"elementor-element elementor-element-745bb33 elementor-widget elementor-widget-text-editor\" data-id=\"745bb33\" data-element_type=\"widget\" data-widget_type=\"text-editor.default\">\n\t\t\t\t<div class=\"elementor-widget-container\">\n\t\t\t\t\t\t\t\t\t<p>Kamelia Spassova is an Associate Professor of Comparative Literature and Chair of the Department of \u201cTheory and History of Literature\u201d at Sofia University, Bulgaria. In 2015 she was a research fellow at the Centre for Advanced Study, Sofia. Spassova taught at the Philosophy Department of the Slavic Institute at the University of Cologne (2016-2018). Her book <em>Event and Example in Plato and Aristotle<\/em> (2012) explores the poetics of the example and her last book <em>Modern Mimesis. Self-Reflexivity in Literature <\/em>(2021) traces the transformations of the concept of mimesis in the 20th century. She is an editor of <em>Literary Journal <\/em>and the author of two books of poetry: <em>Plot No. 17 <\/em>(2007) and <em>Kenosis \u2013 a Book of Emptiness<\/em> (2016). Her poems have been translated into English, German, Russian, Romanian, Greek, Turkish, Croatian, Danish, Serbian and Italian.<\/p>\t\t\t\t\t\t\t\t<\/div>\n\t\t\t\t<\/div>\n\t\t\t\t<\/div>\n\t\t\t\t\t<\/div>\n\t\t\t\t<\/div>\n\t\t<div class=\"has_eae_slider elementor-element elementor-element-e68a450 e-flex e-con-boxed e-con e-parent\" data-id=\"e68a450\" data-element_type=\"container\">\n\t\t\t\t\t<div class=\"e-con-inner\">\n\t\t<div class=\"has_eae_slider elementor-element elementor-element-18f8363 e-con-full e-flex e-con e-child\" data-id=\"18f8363\" data-element_type=\"container\">\n\t\t\t\t<div class=\"elementor-element elementor-element-831780f elementor-widget elementor-widget-image\" data-id=\"831780f\" data-element_type=\"widget\" data-widget_type=\"image.default\">\n\t\t\t\t<div class=\"elementor-widget-container\">\n\t\t\t\t\t\t\t\t\t\t\t\t\t\t\t<img loading=\"lazy\" decoding=\"async\" width=\"650\" height=\"650\" src=\"https:\/\/grants.ulbsibiu.ro\/strasyn\/wp-content\/uploads\/STRASYN-Stan-650x650.jpg\" class=\"attachment-qi_addons_for_elementor_image_size_square size-qi_addons_for_elementor_image_size_square wp-image-41\" alt=\"\" srcset=\"https:\/\/grants.ulbsibiu.ro\/strasyn\/wp-content\/uploads\/STRASYN-Stan-650x650.jpg 650w, https:\/\/grants.ulbsibiu.ro\/strasyn\/wp-content\/uploads\/STRASYN-Stan-150x150.jpg 150w, https:\/\/grants.ulbsibiu.ro\/strasyn\/wp-content\/uploads\/STRASYN-Stan-1300x1300.jpg 1300w\" sizes=\"(max-width: 650px) 100vw, 650px\" \/>\t\t\t\t\t\t\t\t\t\t\t\t\t\t\t<\/div>\n\t\t\t\t<\/div>\n\t\t\t\t<\/div>\n\t\t<div class=\"has_eae_slider elementor-element elementor-element-4ef597a e-con-full e-flex e-con e-child\" data-id=\"4ef597a\" data-element_type=\"container\">\n\t\t\t\t<div class=\"elementor-element elementor-element-04cdcf9 premium-header-inline elementor-widget elementor-widget-premium-addon-dual-header\" data-id=\"04cdcf9\" data-element_type=\"widget\" data-widget_type=\"premium-addon-dual-header.default\">\n\t\t\t\t<div class=\"elementor-widget-container\">\n\t\t\t\t\t\r\n\t\t\t\t\t<p class=\"premium-dual-header-first-header \"><span class=\"premium-dual-header-first-span\">Adriana Stan <\/span><span class=\"premium-dual-header-second-header \">Senior Researcher<\/span><\/p> \t\t\r\n\t\t\t\t\t\t<\/div>\n\t\t\t\t<\/div>\n\t\t\t\t<div class=\"elementor-element elementor-element-c31f5f1 elementor-widget elementor-widget-text-editor\" data-id=\"c31f5f1\" data-element_type=\"widget\" data-widget_type=\"text-editor.default\">\n\t\t\t\t<div class=\"elementor-widget-container\">\n\t\t\t\t\t\t\t\t\t<p>Adriana Stan is lecturer of Comparative Literature at the Faculty of Letters, Babe\u0219-Bolyai University, Cluj-Napoca. She authored the book <em>The Linguistic Bastion. A Comparative History of Structuralism in Romania <\/em>(2017). She also wrote studies in collective volumes published abroad (Bloomsbury, Peter Lang), co-edited a recent issue of <em>Central Europe<\/em>, and published articles in journals like <em>Neohelicon<\/em>, <em>Critique: Studies in Contemporary Fiction<\/em>, <em>Transylvanian Review<\/em>. She generally works with the history of the novel, contemporary literature, ideological critique, and the history of critical ideas.<\/p>\t\t\t\t\t\t\t\t<\/div>\n\t\t\t\t<\/div>\n\t\t\t\t<\/div>\n\t\t\t\t\t<\/div>\n\t\t\t\t<\/div>\n\t\t<div class=\"has_eae_slider elementor-element elementor-element-9fd54c6 e-flex e-con-boxed e-con e-parent\" data-id=\"9fd54c6\" data-element_type=\"container\">\n\t\t\t\t\t<div class=\"e-con-inner\">\n\t\t<div class=\"has_eae_slider elementor-element elementor-element-7fbb020 e-con-full e-flex e-con e-child\" data-id=\"7fbb020\" data-element_type=\"container\">\n\t\t\t\t<div class=\"elementor-element elementor-element-cddca05 elementor-widget elementor-widget-image\" data-id=\"cddca05\" data-element_type=\"widget\" data-widget_type=\"image.default\">\n\t\t\t\t<div class=\"elementor-widget-container\">\n\t\t\t\t\t\t\t\t\t\t\t\t\t\t\t<img loading=\"lazy\" decoding=\"async\" width=\"650\" height=\"650\" src=\"https:\/\/grants.ulbsibiu.ro\/strasyn\/wp-content\/uploads\/STRASYN-Stoyanova-650x650.jpg\" class=\"attachment-qi_addons_for_elementor_image_size_square size-qi_addons_for_elementor_image_size_square wp-image-42\" alt=\"\" srcset=\"https:\/\/grants.ulbsibiu.ro\/strasyn\/wp-content\/uploads\/STRASYN-Stoyanova-650x650.jpg 650w, https:\/\/grants.ulbsibiu.ro\/strasyn\/wp-content\/uploads\/STRASYN-Stoyanova-150x150.jpg 150w, https:\/\/grants.ulbsibiu.ro\/strasyn\/wp-content\/uploads\/STRASYN-Stoyanova-1300x1300.jpg 1300w\" sizes=\"(max-width: 650px) 100vw, 650px\" \/>\t\t\t\t\t\t\t\t\t\t\t\t\t\t\t<\/div>\n\t\t\t\t<\/div>\n\t\t\t\t<\/div>\n\t\t<div class=\"has_eae_slider elementor-element elementor-element-363e010 e-con-full e-flex e-con e-child\" data-id=\"363e010\" data-element_type=\"container\">\n\t\t\t\t<div class=\"elementor-element elementor-element-787e130 premium-header-inline elementor-widget elementor-widget-premium-addon-dual-header\" data-id=\"787e130\" data-element_type=\"widget\" data-widget_type=\"premium-addon-dual-header.default\">\n\t\t\t\t<div class=\"elementor-widget-container\">\n\t\t\t\t\t\r\n\t\t\t\t\t<p class=\"premium-dual-header-first-header \"><span class=\"premium-dual-header-first-span\">Nadezhda Stoyanova <\/span><span class=\"premium-dual-header-second-header \">Senior Researcher<\/span><\/p> \t\t\r\n\t\t\t\t\t\t<\/div>\n\t\t\t\t<\/div>\n\t\t\t\t<div class=\"elementor-element elementor-element-2c884ec elementor-widget elementor-widget-text-editor\" data-id=\"2c884ec\" data-element_type=\"widget\" data-widget_type=\"text-editor.default\">\n\t\t\t\t<div class=\"elementor-widget-container\">\n\t\t\t\t\t\t\t\t\t<p>Nadezhda Stoyanova, PhD, is Associate Professor of Bulgarian literature at Sofia University St. Kliment Ohridski, Faculty of Slavic Studies. She is an author of two books on Bulgarian literature (<em>The Rise of Sunflowers. Bulgarian Literature of the 1920s and 1930s: Attempts on Time. <\/em>Sofia: University Press St. Kliment Ohridksi, 2015 and <em>Adornments and Grimaces. Fashion and Modernity in Bulgarian Literature of the 1920s and 1930s. <\/em>Sofia: Paradigma, 2022), of articles, studies and reviews published in scholarly periodicals and collective volumes. Nadezhda Stoyanova is an Editor-in-Chief of the <em>Philological Forum <\/em>Journal. She is a coeditor of 16 collective volumes and of one literary anthology. She has been a leader of the <em>Literature and Technology<\/em>.<em> Inventing <\/em><em>M<\/em><em>odernity in Bulgarian <\/em><em>L<\/em><em>iterature<\/em> Project (2016 \u2013 2018) funded by the Bulgarian National Science Fund (Bulgarian Ministry of Education and Culture) and she is a leader of the <em>Young <\/em><em>Scholars<\/em><em>:<\/em><em> Research Experience<\/em> Project (2017 \u2013 2018; 2020 \u2013 2024) funded by Sofia University St. Kliment Ohridski.<\/p>\t\t\t\t\t\t\t\t<\/div>\n\t\t\t\t<\/div>\n\t\t\t\t<\/div>\n\t\t\t\t\t<\/div>\n\t\t\t\t<\/div>\n\t\t<div class=\"has_eae_slider elementor-element elementor-element-da7ab98 e-flex e-con-boxed e-con e-parent\" data-id=\"da7ab98\" data-element_type=\"container\">\n\t\t\t\t\t<div class=\"e-con-inner\">\n\t\t<div class=\"has_eae_slider elementor-element elementor-element-557f09e e-con-full e-flex e-con e-child\" data-id=\"557f09e\" data-element_type=\"container\">\n\t\t\t\t<div class=\"elementor-element elementor-element-53857bb elementor-widget elementor-widget-image\" data-id=\"53857bb\" data-element_type=\"widget\" data-widget_type=\"image.default\">\n\t\t\t\t<div class=\"elementor-widget-container\">\n\t\t\t\t\t\t\t\t\t\t\t\t\t\t\t<img loading=\"lazy\" decoding=\"async\" width=\"650\" height=\"650\" src=\"https:\/\/grants.ulbsibiu.ro\/strasyn\/wp-content\/uploads\/STRASYN-Baghiu-650x650.jpg\" class=\"attachment-qi_addons_for_elementor_image_size_square size-qi_addons_for_elementor_image_size_square wp-image-29\" alt=\"\" srcset=\"https:\/\/grants.ulbsibiu.ro\/strasyn\/wp-content\/uploads\/STRASYN-Baghiu-650x650.jpg 650w, https:\/\/grants.ulbsibiu.ro\/strasyn\/wp-content\/uploads\/STRASYN-Baghiu-300x300.jpg 300w, https:\/\/grants.ulbsibiu.ro\/strasyn\/wp-content\/uploads\/STRASYN-Baghiu-1024x1024.jpg 1024w, https:\/\/grants.ulbsibiu.ro\/strasyn\/wp-content\/uploads\/STRASYN-Baghiu-150x150.jpg 150w, https:\/\/grants.ulbsibiu.ro\/strasyn\/wp-content\/uploads\/STRASYN-Baghiu-768x768.jpg 768w, https:\/\/grants.ulbsibiu.ro\/strasyn\/wp-content\/uploads\/STRASYN-Baghiu-1536x1536.jpg 1536w, https:\/\/grants.ulbsibiu.ro\/strasyn\/wp-content\/uploads\/STRASYN-Baghiu-1300x1300.jpg 1300w, https:\/\/grants.ulbsibiu.ro\/strasyn\/wp-content\/uploads\/STRASYN-Baghiu.jpg 2048w\" sizes=\"(max-width: 650px) 100vw, 650px\" \/>\t\t\t\t\t\t\t\t\t\t\t\t\t\t\t<\/div>\n\t\t\t\t<\/div>\n\t\t\t\t<\/div>\n\t\t<div class=\"has_eae_slider elementor-element elementor-element-78f696f e-con-full e-flex e-con e-child\" data-id=\"78f696f\" data-element_type=\"container\">\n\t\t\t\t<div class=\"elementor-element elementor-element-a99ff90 premium-header-inline elementor-widget elementor-widget-premium-addon-dual-header\" data-id=\"a99ff90\" data-element_type=\"widget\" data-widget_type=\"premium-addon-dual-header.default\">\n\t\t\t\t<div class=\"elementor-widget-container\">\n\t\t\t\t\t\r\n\t\t\t\t\t<p class=\"premium-dual-header-first-header \"><span class=\"premium-dual-header-first-span\">\u0218tefan Baghiu <\/span><span class=\"premium-dual-header-second-header \">Postdoc<\/span><\/p> \t\t\r\n\t\t\t\t\t\t<\/div>\n\t\t\t\t<\/div>\n\t\t\t\t<div class=\"elementor-element elementor-element-06ad47a elementor-widget elementor-widget-text-editor\" data-id=\"06ad47a\" data-element_type=\"widget\" data-widget_type=\"text-editor.default\">\n\t\t\t\t<div class=\"elementor-widget-container\">\n\t\t\t\t\t\t\t\t\t<p>Stefan Baghiu is Lecturer of Romanian Literature and Literary Theory with the Department of Romance Studies at Lucian Blaga University of Sibiu and the editorial secretary of the <em>Transilvania<\/em> journal (<a href=\"http:\/\/www.revistatransilvania.ro\">www.revistatransilvania.ro<\/a>). He is also one of the coordinators of the <em>Digital Museum of the Romanian Novel<\/em> (1845-1947), the first digital archive of the Romanian modern novel available for research and public access. His work is mainly related to quantitative analysis of world literature, translations of novels, and the ideologies of literature. He has edited and coordinated several collective volumes, such as <em>Ruralism and Literature in Romania<\/em> (Berlin: Peter Lang, 2019), <em>Beyond the Iron Curtain: Revisiting the Literary System of Communist Romania<\/em> (Berlin: Peter Lang, 2021), and <em>Oddities and Orthodoxies in the Philosophy of State Socialism: Science, Social Engineering, Global Dialectics<\/em> (Vienna: CEU Press, forthcoming). He has coordinated several issues on international and Romanian monographs of literary theory. He has published in journals like <em>Comparative Literature Studies<\/em> (USA), <em>Central Europe<\/em> (UK), <em>Studies in East European Thought<\/em> (USA), <em>Humanities and Social Sciences Communications<\/em> (Nature), <em>Primerjalna knji\u017eevnost<\/em> (SL), <em>World Literature Studies<\/em> (SK), <em>Transylvanian Review<\/em> (RO), <em>Metacritic Journal of <\/em><em>Comparative Studies and Theory<\/em> (RO).<\/p>\t\t\t\t\t\t\t\t<\/div>\n\t\t\t\t<\/div>\n\t\t\t\t<\/div>\n\t\t\t\t\t<\/div>\n\t\t\t\t<\/div>\n\t\t<div class=\"has_eae_slider elementor-element elementor-element-0cd91bc e-flex e-con-boxed e-con e-parent\" data-id=\"0cd91bc\" data-element_type=\"container\">\n\t\t\t\t\t<div class=\"e-con-inner\">\n\t\t<div class=\"has_eae_slider elementor-element elementor-element-7e5ac85 e-con-full e-flex e-con e-child\" data-id=\"7e5ac85\" data-element_type=\"container\">\n\t\t\t\t<div class=\"elementor-element elementor-element-73ffce0 elementor-widget elementor-widget-image\" data-id=\"73ffce0\" data-element_type=\"widget\" data-widget_type=\"image.default\">\n\t\t\t\t<div class=\"elementor-widget-container\">\n\t\t\t\t\t\t\t\t\t\t\t\t\t\t\t<img loading=\"lazy\" decoding=\"async\" width=\"650\" height=\"650\" src=\"https:\/\/grants.ulbsibiu.ro\/strasyn\/wp-content\/uploads\/STRASYN-BARTOSIEWICZ-650x650.jpeg\" class=\"attachment-qi_addons_for_elementor_image_size_square size-qi_addons_for_elementor_image_size_square wp-image-30\" alt=\"\" srcset=\"https:\/\/grants.ulbsibiu.ro\/strasyn\/wp-content\/uploads\/STRASYN-BARTOSIEWICZ-650x650.jpeg 650w, https:\/\/grants.ulbsibiu.ro\/strasyn\/wp-content\/uploads\/STRASYN-BARTOSIEWICZ-150x150.jpeg 150w, https:\/\/grants.ulbsibiu.ro\/strasyn\/wp-content\/uploads\/STRASYN-BARTOSIEWICZ-1300x1300.jpeg 1300w\" sizes=\"(max-width: 650px) 100vw, 650px\" \/>\t\t\t\t\t\t\t\t\t\t\t\t\t\t\t<\/div>\n\t\t\t\t<\/div>\n\t\t\t\t<\/div>\n\t\t<div class=\"has_eae_slider elementor-element elementor-element-4ed85c8 e-con-full e-flex e-con e-child\" data-id=\"4ed85c8\" data-element_type=\"container\">\n\t\t\t\t<div class=\"elementor-element elementor-element-10e77e5 premium-header-inline elementor-widget elementor-widget-premium-addon-dual-header\" data-id=\"10e77e5\" data-element_type=\"widget\" data-widget_type=\"premium-addon-dual-header.default\">\n\t\t\t\t<div class=\"elementor-widget-container\">\n\t\t\t\t\t\r\n\t\t\t\t\t<p class=\"premium-dual-header-first-header \"><span class=\"premium-dual-header-first-span\">Olga Bartosiewicz-Nikolaev <\/span><span class=\"premium-dual-header-second-header \">Postdoc<\/span><\/p> \t\t\r\n\t\t\t\t\t\t<\/div>\n\t\t\t\t<\/div>\n\t\t\t\t<div class=\"elementor-element elementor-element-a2d1bdf elementor-widget elementor-widget-text-editor\" data-id=\"a2d1bdf\" data-element_type=\"widget\" data-widget_type=\"text-editor.default\">\n\t\t\t\t<div class=\"elementor-widget-container\">\n\t\t\t\t\t\t\t\t\t<p>Olga Bartosiewicz-Nikolaev \u2013 PhD in Literary Studies, Assistant Professor at\u00a0the Institute of Romance Philology at the Jagiellonian University in Krak\u00f3w, Associate Member of The Modern Literary Philology Research Center at Babe\u0219-Bolyai University in Cluj-Napoca, member of the Polish Literary Translators Association, Postdoctoral Researcher at the Institute of Slavic Studies, Polish Academy of Sciences (2022-2023). Author of the monograph book devoted to B. Fundoianu\u2019s \/ B. Fondane\u2019s work (2018). She has many refereed publications on modernism in Romanian culture and literature, and social contexts of Romanian contemporary prose and poetry. Translator of Romanian fiction, poetry and essays, awarded in 2019 by the literary magazine \u201cLiteratura na \u015awiecie\u201d for her translation of Adrian Schiop\u2019s novel <em>Solda\u021bii. Poveste din Ferentari <\/em>[Soldiers. Story from Ferentari]. She is an alumna of New Europe College in Bucharest (2014-2015). In 2021, she held a postdoctoral International Advanced Fellowship at the STAR-UBB Institute of Babe\u0219-Bolyai University.\u00a0\u00a0<\/p>\t\t\t\t\t\t\t\t<\/div>\n\t\t\t\t<\/div>\n\t\t\t\t<\/div>\n\t\t\t\t\t<\/div>\n\t\t\t\t<\/div>\n\t\t<div class=\"has_eae_slider elementor-element elementor-element-a2868d0 e-flex e-con-boxed e-con e-parent\" data-id=\"a2868d0\" data-element_type=\"container\">\n\t\t\t\t\t<div class=\"e-con-inner\">\n\t\t<div class=\"has_eae_slider elementor-element elementor-element-e28ddb4 e-con-full e-flex e-con e-child\" data-id=\"e28ddb4\" data-element_type=\"container\">\n\t\t\t\t<div class=\"elementor-element elementor-element-43defa0 elementor-widget elementor-widget-image\" data-id=\"43defa0\" data-element_type=\"widget\" data-widget_type=\"image.default\">\n\t\t\t\t<div class=\"elementor-widget-container\">\n\t\t\t\t\t\t\t\t\t\t\t\t\t\t\t<img loading=\"lazy\" decoding=\"async\" width=\"650\" height=\"650\" src=\"https:\/\/grants.ulbsibiu.ro\/strasyn\/wp-content\/uploads\/STRASYN-Olaru-650x650.jpeg\" class=\"attachment-qi_addons_for_elementor_image_size_square size-qi_addons_for_elementor_image_size_square wp-image-38\" alt=\"\" srcset=\"https:\/\/grants.ulbsibiu.ro\/strasyn\/wp-content\/uploads\/STRASYN-Olaru-650x650.jpeg 650w, https:\/\/grants.ulbsibiu.ro\/strasyn\/wp-content\/uploads\/STRASYN-Olaru-150x150.jpeg 150w\" sizes=\"(max-width: 650px) 100vw, 650px\" \/>\t\t\t\t\t\t\t\t\t\t\t\t\t\t\t<\/div>\n\t\t\t\t<\/div>\n\t\t\t\t<\/div>\n\t\t<div class=\"has_eae_slider elementor-element elementor-element-08f8095 e-con-full e-flex e-con e-child\" data-id=\"08f8095\" data-element_type=\"container\">\n\t\t\t\t<div class=\"elementor-element elementor-element-6749d25 premium-header-inline elementor-widget elementor-widget-premium-addon-dual-header\" data-id=\"6749d25\" data-element_type=\"widget\" data-widget_type=\"premium-addon-dual-header.default\">\n\t\t\t\t<div class=\"elementor-widget-container\">\n\t\t\t\t\t\r\n\t\t\t\t\t<p class=\"premium-dual-header-first-header \"><span class=\"premium-dual-header-first-span\">Ovio Olaru <\/span><span class=\"premium-dual-header-second-header \">Postdoc<\/span><\/p> \t\t\r\n\t\t\t\t\t\t<\/div>\n\t\t\t\t<\/div>\n\t\t\t\t<div class=\"elementor-element elementor-element-65a3581 elementor-widget elementor-widget-text-editor\" data-id=\"65a3581\" data-element_type=\"widget\" data-widget_type=\"text-editor.default\">\n\t\t\t\t<div class=\"elementor-widget-container\">\n\t\t\t\t\t\t\t\t\t<p>Ovio Olaru is Assistant Professor of German and Norwegian Language and Literature with the Department of Anglo-American and German Studies at Lucian Blaga University of Sibiu. His fields of research include German, Romanian, and Scandinavian studies, as well as Comparative Literature. His PhD thesis on the <em>Internationalization of Scandinavian Noir<\/em> addresses the global dynamics of popular culture by pursuing the global dissemination of Scandinavian crime fiction authors from a quantitative perspective. Most recently, his focus has shifted towards projects dealing with The Digital Archive of the Romanian Novel. He is also a translator of Scandinavian literature. He co-edited <em>Beyond the Iron Curtain. Revisiting the Literary System of Communist Romania <\/em>(Berlin: Peter Lang, 2021) and <em>The German Model in Romanian Culture <\/em>(Berlin: Peter Lang, 2023). Latest contributions include \u201cBranding Germanness in Transylvania. Combined and uneven heritagisation\u201d (Routledge, forthcoming).<\/p>\t\t\t\t\t\t\t\t<\/div>\n\t\t\t\t<\/div>\n\t\t\t\t<\/div>\n\t\t\t\t\t<\/div>\n\t\t\t\t<\/div>\n\t\t<div class=\"has_eae_slider elementor-element elementor-element-fb8fe80 e-flex e-con-boxed e-con e-parent\" data-id=\"fb8fe80\" data-element_type=\"container\">\n\t\t\t\t\t<div class=\"e-con-inner\">\n\t\t<div class=\"has_eae_slider elementor-element elementor-element-f31d799 e-con-full e-flex e-con e-child\" data-id=\"f31d799\" data-element_type=\"container\">\n\t\t\t\t<div class=\"elementor-element elementor-element-237da45 elementor-widget elementor-widget-image\" data-id=\"237da45\" data-element_type=\"widget\" data-widget_type=\"image.default\">\n\t\t\t\t<div class=\"elementor-widget-container\">\n\t\t\t\t\t\t\t\t\t\t\t\t\t\t\t<img loading=\"lazy\" decoding=\"async\" width=\"650\" height=\"650\" src=\"https:\/\/grants.ulbsibiu.ro\/strasyn\/wp-content\/uploads\/WhatsApp-Image-2025-01-27-at-09.58.48-650x650.jpeg\" class=\"attachment-qi_addons_for_elementor_image_size_square size-qi_addons_for_elementor_image_size_square wp-image-73\" alt=\"\" srcset=\"https:\/\/grants.ulbsibiu.ro\/strasyn\/wp-content\/uploads\/WhatsApp-Image-2025-01-27-at-09.58.48-650x650.jpeg 650w, https:\/\/grants.ulbsibiu.ro\/strasyn\/wp-content\/uploads\/WhatsApp-Image-2025-01-27-at-09.58.48-300x300.jpeg 300w, https:\/\/grants.ulbsibiu.ro\/strasyn\/wp-content\/uploads\/WhatsApp-Image-2025-01-27-at-09.58.48-1024x1024.jpeg 1024w, https:\/\/grants.ulbsibiu.ro\/strasyn\/wp-content\/uploads\/WhatsApp-Image-2025-01-27-at-09.58.48-150x150.jpeg 150w, https:\/\/grants.ulbsibiu.ro\/strasyn\/wp-content\/uploads\/WhatsApp-Image-2025-01-27-at-09.58.48-768x768.jpeg 768w, https:\/\/grants.ulbsibiu.ro\/strasyn\/wp-content\/uploads\/WhatsApp-Image-2025-01-27-at-09.58.48.jpeg 1200w\" sizes=\"(max-width: 650px) 100vw, 650px\" \/>\t\t\t\t\t\t\t\t\t\t\t\t\t\t\t<\/div>\n\t\t\t\t<\/div>\n\t\t\t\t<\/div>\n\t\t<div class=\"has_eae_slider elementor-element elementor-element-ff51045 e-con-full e-flex e-con e-child\" data-id=\"ff51045\" data-element_type=\"container\">\n\t\t\t\t<div class=\"elementor-element elementor-element-871ca6b premium-header-inline elementor-widget elementor-widget-premium-addon-dual-header\" data-id=\"871ca6b\" data-element_type=\"widget\" data-widget_type=\"premium-addon-dual-header.default\">\n\t\t\t\t<div class=\"elementor-widget-container\">\n\t\t\t\t\t\r\n\t\t\t\t\t<p class=\"premium-dual-header-first-header \"><span class=\"premium-dual-header-first-span\">Senida Poenariu <\/span><span class=\"premium-dual-header-second-header \">Postdoc<\/span><\/p> \t\t\r\n\t\t\t\t\t\t<\/div>\n\t\t\t\t<\/div>\n\t\t\t\t<div class=\"elementor-element elementor-element-1e27a8c elementor-widget elementor-widget-text-editor\" data-id=\"1e27a8c\" data-element_type=\"widget\" data-widget_type=\"text-editor.default\">\n\t\t\t\t<div class=\"elementor-widget-container\">\n\t\t\t\t\t\t\t\t\t<p>Senida Poenariu received her PhD in 2018 from Transilvania University of Bra\u0219ov. She authored the volume <em>Reveriile Vestului. Lecturi americane \u00een poezia optzecist\u0103 <\/em>(<em>Western Reveries. American readings on the 80s poetry<\/em>, Transilvania University Press, Bra\u0219ov, 2022). She is currently an editor at \u201cVatra\u201d Literary Journal. She published in international journals such as Mass Communication and Society, Across Languages and Cultures and Journal of Consumer Culture. She has contributed to collective volumes like<em> New Encounters. Literary. Cultural And Historical Studies<\/em><em> (<\/em>ed. Marius Mihe\u021b, Univerzita Komensk\u00e9ho v Bratislave, 2023), and <em>Narratives of the Present in Post-Totalitarian Societies<\/em> (eds. Rodica Ilie, Dan Botezatu and Adrian L\u0103c\u0103tu\u0219, Transilvania University Press, Bra\u0219ov 2015).<\/p>\t\t\t\t\t\t\t\t<\/div>\n\t\t\t\t<\/div>\n\t\t\t\t<\/div>\n\t\t\t\t\t<\/div>\n\t\t\t\t<\/div>\n\t\t<div class=\"has_eae_slider elementor-element elementor-element-a5aa6ca e-flex e-con-boxed e-con e-parent\" data-id=\"a5aa6ca\" data-element_type=\"container\">\n\t\t\t\t\t<div class=\"e-con-inner\">\n\t\t<div class=\"has_eae_slider elementor-element elementor-element-cb1036f e-con-full e-flex e-con e-child\" data-id=\"cb1036f\" data-element_type=\"container\">\n\t\t\t\t<div class=\"elementor-element elementor-element-4291165 elementor-widget elementor-widget-image\" data-id=\"4291165\" data-element_type=\"widget\" data-widget_type=\"image.default\">\n\t\t\t\t<div class=\"elementor-widget-container\">\n\t\t\t\t\t\t\t\t\t\t\t\t\t\t\t<img loading=\"lazy\" decoding=\"async\" width=\"650\" height=\"650\" src=\"https:\/\/grants.ulbsibiu.ro\/strasyn\/wp-content\/uploads\/Fotografie-Vlad-Pojoga-1-650x650.png\" class=\"attachment-qi_addons_for_elementor_image_size_square size-qi_addons_for_elementor_image_size_square wp-image-22\" alt=\"\" srcset=\"https:\/\/grants.ulbsibiu.ro\/strasyn\/wp-content\/uploads\/Fotografie-Vlad-Pojoga-1-650x650.png 650w, https:\/\/grants.ulbsibiu.ro\/strasyn\/wp-content\/uploads\/Fotografie-Vlad-Pojoga-1-300x300.png 300w, https:\/\/grants.ulbsibiu.ro\/strasyn\/wp-content\/uploads\/Fotografie-Vlad-Pojoga-1-1024x1024.png 1024w, https:\/\/grants.ulbsibiu.ro\/strasyn\/wp-content\/uploads\/Fotografie-Vlad-Pojoga-1-150x150.png 150w, https:\/\/grants.ulbsibiu.ro\/strasyn\/wp-content\/uploads\/Fotografie-Vlad-Pojoga-1-768x768.png 768w, https:\/\/grants.ulbsibiu.ro\/strasyn\/wp-content\/uploads\/Fotografie-Vlad-Pojoga-1-1536x1536.png 1536w, https:\/\/grants.ulbsibiu.ro\/strasyn\/wp-content\/uploads\/Fotografie-Vlad-Pojoga-1-2048x2048.png 2048w, https:\/\/grants.ulbsibiu.ro\/strasyn\/wp-content\/uploads\/Fotografie-Vlad-Pojoga-1-1300x1300.png 1300w\" sizes=\"(max-width: 650px) 100vw, 650px\" \/>\t\t\t\t\t\t\t\t\t\t\t\t\t\t\t<\/div>\n\t\t\t\t<\/div>\n\t\t\t\t<\/div>\n\t\t<div class=\"has_eae_slider elementor-element elementor-element-6cb07dc e-con-full e-flex e-con e-child\" data-id=\"6cb07dc\" data-element_type=\"container\">\n\t\t\t\t<div class=\"elementor-element elementor-element-e783379 premium-header-inline elementor-widget elementor-widget-premium-addon-dual-header\" data-id=\"e783379\" data-element_type=\"widget\" data-widget_type=\"premium-addon-dual-header.default\">\n\t\t\t\t<div class=\"elementor-widget-container\">\n\t\t\t\t\t\r\n\t\t\t\t\t<p class=\"premium-dual-header-first-header \"><span class=\"premium-dual-header-first-span\">Vlad Pojoga <\/span><span class=\"premium-dual-header-second-header \">Postdoc<\/span><\/p> \t\t\r\n\t\t\t\t\t\t<\/div>\n\t\t\t\t<\/div>\n\t\t\t\t<div class=\"elementor-element elementor-element-7adc85e elementor-widget elementor-widget-text-editor\" data-id=\"7adc85e\" data-element_type=\"widget\" data-widget_type=\"text-editor.default\">\n\t\t\t\t<div class=\"elementor-widget-container\">\n\t\t\t\t\t\t\t\t\t<p>Vlad Pojoga is Vice-Dean for Academic Affairs and Lecturer in World Literature and Narrative Theory at the Faculty of Letters and Arts at Lucian Blaga University of Sibiu, Romania. He wrote a PhD on interactive narratives and co-edited two volumes, \u201cThe Culture of Translation in Romania\u201d and \u201cRuralism and Literature in Romania\u201d, both published with Peter Lang. He has translated extensively from English into Romanian, including Fredric Jameson\u2019s \u201cPostmodernism, or the Cultural Logic of Late Capitalism\u201d or Sianne Ngai\u2019s \u201cOur Aesthetic Categories.\u201d His research focuses mainly on the relationship between literature and the digital and the integration of Romanian literature into world literature. He is one of the editors of SCOPUS Q1 <em>Transilvania<\/em>, a highly rated Romanian literary studies journal.<\/p>\t\t\t\t\t\t\t\t<\/div>\n\t\t\t\t<\/div>\n\t\t\t\t<\/div>\n\t\t\t\t\t<\/div>\n\t\t\t\t<\/div>\n\t\t<div class=\"has_eae_slider elementor-element elementor-element-0283990 e-flex e-con-boxed e-con e-parent\" data-id=\"0283990\" data-element_type=\"container\">\n\t\t\t\t\t<div class=\"e-con-inner\">\n\t\t<div class=\"has_eae_slider elementor-element elementor-element-aa2ba33 e-con-full e-flex e-con e-child\" data-id=\"aa2ba33\" data-element_type=\"container\">\n\t\t\t\t<div class=\"elementor-element elementor-element-08fea14 elementor-widget elementor-widget-image\" data-id=\"08fea14\" data-element_type=\"widget\" data-widget_type=\"image.default\">\n\t\t\t\t<div class=\"elementor-widget-container\">\n\t\t\t\t\t\t\t\t\t\t\t\t\t\t\t<img loading=\"lazy\" decoding=\"async\" width=\"650\" height=\"650\" src=\"https:\/\/grants.ulbsibiu.ro\/strasyn\/wp-content\/uploads\/STRASYN-Ung-650x650.jpeg\" class=\"attachment-qi_addons_for_elementor_image_size_square size-qi_addons_for_elementor_image_size_square wp-image-44\" alt=\"\" srcset=\"https:\/\/grants.ulbsibiu.ro\/strasyn\/wp-content\/uploads\/STRASYN-Ung-650x650.jpeg 650w, https:\/\/grants.ulbsibiu.ro\/strasyn\/wp-content\/uploads\/STRASYN-Ung-150x150.jpeg 150w, https:\/\/grants.ulbsibiu.ro\/strasyn\/wp-content\/uploads\/STRASYN-Ung-1300x1300.jpeg 1300w\" sizes=\"(max-width: 650px) 100vw, 650px\" \/>\t\t\t\t\t\t\t\t\t\t\t\t\t\t\t<\/div>\n\t\t\t\t<\/div>\n\t\t\t\t<\/div>\n\t\t<div class=\"has_eae_slider elementor-element elementor-element-dcdf20f e-con-full e-flex e-con e-child\" data-id=\"dcdf20f\" data-element_type=\"container\">\n\t\t\t\t<div class=\"elementor-element elementor-element-0cc655b premium-header-inline elementor-widget elementor-widget-premium-addon-dual-header\" data-id=\"0cc655b\" data-element_type=\"widget\" data-widget_type=\"premium-addon-dual-header.default\">\n\t\t\t\t<div class=\"elementor-widget-container\">\n\t\t\t\t\t\r\n\t\t\t\t\t<p class=\"premium-dual-header-first-header \"><span class=\"premium-dual-header-first-span\">Snejana Ung <\/span><span class=\"premium-dual-header-second-header \">Postdoc<\/span><\/p> \t\t\r\n\t\t\t\t\t\t<\/div>\n\t\t\t\t<\/div>\n\t\t\t\t<div class=\"elementor-element elementor-element-83228aa elementor-widget elementor-widget-text-editor\" data-id=\"83228aa\" data-element_type=\"widget\" data-widget_type=\"text-editor.default\">\n\t\t\t\t<div class=\"elementor-widget-container\">\n\t\t\t\t\t\t\t\t\t<p>Snejana Ung is Research Assistant at Lucian Blaga University of Sibiu. She specializes in post-Yugoslav literature, Romanian novel, and the inter-peripheral circulation of literature and criticism in South-Eastern Europe, mainly between Romania and Yugoslavia. She wrote a PhD on post-Yugoslav literature as world literature. She also contributed to the volumes <em>Ruralism and Literature in Romania<\/em> (edited by \u0218tefan Baghiu, Vlad Pojoga, and Maria Sass, Peter Lang, 2019), <em>The German Model in Romanian Culture<\/em> (edited by Maria Sass, Ovio Olaru, and Andrei Terian, Peter Lang, 2023), and published articles in international journals, such as <em>Primerjalna knji\u017eevnost<\/em>, <em>Transilvania<\/em>, and <em>Metacritic Journal<\/em> <em>for Comparative Studies and Theory<\/em>.<\/p>\t\t\t\t\t\t\t\t<\/div>\n\t\t\t\t<\/div>\n\t\t\t\t<\/div>\n\t\t\t\t\t<\/div>\n\t\t\t\t<\/div>\n\t\t<div class=\"has_eae_slider elementor-element elementor-element-d28cd53 e-flex e-con-boxed e-con e-parent\" data-id=\"d28cd53\" data-element_type=\"container\">\n\t\t\t\t\t<div class=\"e-con-inner\">\n\t\t<div class=\"has_eae_slider elementor-element elementor-element-4284b28 e-con-full e-flex e-con e-child\" data-id=\"4284b28\" data-element_type=\"container\">\n\t\t\t\t<div class=\"elementor-element elementor-element-7484e3c elementor-widget elementor-widget-image\" data-id=\"7484e3c\" data-element_type=\"widget\" data-widget_type=\"image.default\">\n\t\t\t\t<div class=\"elementor-widget-container\">\n\t\t\t\t\t\t\t\t\t\t\t\t\t\t\t<img loading=\"lazy\" decoding=\"async\" width=\"434\" height=\"434\" src=\"https:\/\/grants.ulbsibiu.ro\/strasyn\/wp-content\/uploads\/STRASYN-Blajan-e1738706205362.jpg\" class=\"attachment-qi_addons_for_elementor_image_size_square size-qi_addons_for_elementor_image_size_square wp-image-31\" alt=\"\" srcset=\"https:\/\/grants.ulbsibiu.ro\/strasyn\/wp-content\/uploads\/STRASYN-Blajan-e1738706205362.jpg 434w, https:\/\/grants.ulbsibiu.ro\/strasyn\/wp-content\/uploads\/STRASYN-Blajan-e1738706205362-300x300.jpg 300w, https:\/\/grants.ulbsibiu.ro\/strasyn\/wp-content\/uploads\/STRASYN-Blajan-e1738706205362-150x150.jpg 150w\" sizes=\"(max-width: 434px) 100vw, 434px\" \/>\t\t\t\t\t\t\t\t\t\t\t\t\t\t\t<\/div>\n\t\t\t\t<\/div>\n\t\t\t\t<\/div>\n\t\t<div class=\"has_eae_slider elementor-element elementor-element-7abf309 e-con-full e-flex e-con e-child\" data-id=\"7abf309\" data-element_type=\"container\">\n\t\t\t\t<div class=\"elementor-element elementor-element-1b97102 premium-header-inline elementor-widget elementor-widget-premium-addon-dual-header\" data-id=\"1b97102\" data-element_type=\"widget\" data-widget_type=\"premium-addon-dual-header.default\">\n\t\t\t\t<div class=\"elementor-widget-container\">\n\t\t\t\t\t\r\n\t\t\t\t\t<p class=\"premium-dual-header-first-header \"><span class=\"premium-dual-header-first-span\">Iuliana Bl\u0103jan <\/span><span class=\"premium-dual-header-second-header \">PhD Candidate<\/span><\/p> \t\t\r\n\t\t\t\t\t\t<\/div>\n\t\t\t\t<\/div>\n\t\t\t\t<div class=\"elementor-element elementor-element-328004a elementor-widget elementor-widget-text-editor\" data-id=\"328004a\" data-element_type=\"widget\" data-widget_type=\"text-editor.default\">\n\t\t\t\t<div class=\"elementor-widget-container\">\n\t\t\t\t\t\t\t\t\t<p>In my research I focus on the evolution of the Romanian literary criticism, from a comparative perspective, especially in the representations and conceptualizations of borderline experiences such as trauma. By exploring how authors of the interwar period portrayed trauma and identity crises, I hope to contribute to a better understanding of how literature reflects and shapes human experiences, considering that literary analysis plays an essential role in understanding the profound impact of war on the individual and society.<\/p>\t\t\t\t\t\t\t\t<\/div>\n\t\t\t\t<\/div>\n\t\t\t\t<\/div>\n\t\t\t\t\t<\/div>\n\t\t\t\t<\/div>\n\t\t<div class=\"has_eae_slider elementor-element elementor-element-32bedcb e-flex e-con-boxed e-con e-parent\" data-id=\"32bedcb\" data-element_type=\"container\">\n\t\t\t\t\t<div class=\"e-con-inner\">\n\t\t<div class=\"has_eae_slider elementor-element elementor-element-e86228e e-con-full e-flex e-con e-child\" data-id=\"e86228e\" data-element_type=\"container\">\n\t\t\t\t<div class=\"elementor-element elementor-element-475e813 elementor-widget elementor-widget-image\" data-id=\"475e813\" data-element_type=\"widget\" data-widget_type=\"image.default\">\n\t\t\t\t<div class=\"elementor-widget-container\">\n\t\t\t\t\t\t\t\t\t\t\t\t\t\t\t<img loading=\"lazy\" decoding=\"async\" width=\"650\" height=\"650\" src=\"https:\/\/grants.ulbsibiu.ro\/strasyn\/wp-content\/uploads\/STRASYN-Chiorean-650x650.png\" class=\"attachment-qi_addons_for_elementor_image_size_square size-qi_addons_for_elementor_image_size_square wp-image-33\" alt=\"\" srcset=\"https:\/\/grants.ulbsibiu.ro\/strasyn\/wp-content\/uploads\/STRASYN-Chiorean-650x650.png 650w, https:\/\/grants.ulbsibiu.ro\/strasyn\/wp-content\/uploads\/STRASYN-Chiorean-150x150.png 150w, https:\/\/grants.ulbsibiu.ro\/strasyn\/wp-content\/uploads\/STRASYN-Chiorean-1300x1300.png 1300w\" sizes=\"(max-width: 650px) 100vw, 650px\" \/>\t\t\t\t\t\t\t\t\t\t\t\t\t\t\t<\/div>\n\t\t\t\t<\/div>\n\t\t\t\t<\/div>\n\t\t<div class=\"has_eae_slider elementor-element elementor-element-50ac29f e-con-full e-flex e-con e-child\" data-id=\"50ac29f\" data-element_type=\"container\">\n\t\t\t\t<div class=\"elementor-element elementor-element-fbf423d premium-header-inline elementor-widget elementor-widget-premium-addon-dual-header\" data-id=\"fbf423d\" data-element_type=\"widget\" data-widget_type=\"premium-addon-dual-header.default\">\n\t\t\t\t<div class=\"elementor-widget-container\">\n\t\t\t\t\t\r\n\t\t\t\t\t<p class=\"premium-dual-header-first-header \"><span class=\"premium-dual-header-first-span\">Maria Chiorean <\/span><span class=\"premium-dual-header-second-header \">PhD Candidate<\/span><\/p> \t\t\r\n\t\t\t\t\t\t<\/div>\n\t\t\t\t<\/div>\n\t\t\t\t<div class=\"elementor-element elementor-element-58f761e elementor-widget elementor-widget-text-editor\" data-id=\"58f761e\" data-element_type=\"widget\" data-widget_type=\"text-editor.default\">\n\t\t\t\t<div class=\"elementor-widget-container\">\n\t\t\t\t\t\t\t\t\t<p>Maria Chiorean is a PhD candidate and research assistant at Lucian Blaga University of Sibiu. She has an MLitt in Postcolonial and World Literatures from the University of St Andrews (Scotland) and a BA in comparative literature and Romanian literature from Babe\u0219-Bolyai University (Cluj-Napoca, Romania). She is currently studying the representation of ethno-racial minorities in the modern Romanian novel. Her work has been published in journals such as <em>Studies in the Novel<\/em>, <em>Transilvania<\/em>, <em>Metacritic Journal for Comparative Studies and Theory, <\/em>and<em> Transylvanian Review<\/em>.<\/p>\t\t\t\t\t\t\t\t<\/div>\n\t\t\t\t<\/div>\n\t\t\t\t<\/div>\n\t\t\t\t\t<\/div>\n\t\t\t\t<\/div>\n\t\t<div class=\"has_eae_slider elementor-element elementor-element-5113ffe e-flex e-con-boxed e-con e-parent\" data-id=\"5113ffe\" data-element_type=\"container\">\n\t\t\t\t\t<div class=\"e-con-inner\">\n\t\t<div class=\"has_eae_slider elementor-element elementor-element-7da49f3 e-con-full e-flex e-con e-child\" data-id=\"7da49f3\" data-element_type=\"container\">\n\t\t\t\t<div class=\"elementor-element elementor-element-3805942 elementor-widget elementor-widget-image\" data-id=\"3805942\" data-element_type=\"widget\" data-widget_type=\"image.default\">\n\t\t\t\t<div class=\"elementor-widget-container\">\n\t\t\t\t\t\t\t\t\t\t\t\t\t\t\t<img loading=\"lazy\" decoding=\"async\" width=\"300\" height=\"300\" src=\"https:\/\/grants.ulbsibiu.ro\/strasyn\/wp-content\/uploads\/STRASYN-Cartog-e1738706322913-300x300.jpg\" class=\"attachment-medium size-medium wp-image-32\" alt=\"\" srcset=\"https:\/\/grants.ulbsibiu.ro\/strasyn\/wp-content\/uploads\/STRASYN-Cartog-e1738706322913-300x300.jpg 300w, https:\/\/grants.ulbsibiu.ro\/strasyn\/wp-content\/uploads\/STRASYN-Cartog-e1738706322913-150x150.jpg 150w, https:\/\/grants.ulbsibiu.ro\/strasyn\/wp-content\/uploads\/STRASYN-Cartog-e1738706322913.jpg 470w\" sizes=\"(max-width: 300px) 100vw, 300px\" \/>\t\t\t\t\t\t\t\t\t\t\t\t\t\t\t<\/div>\n\t\t\t\t<\/div>\n\t\t\t\t<\/div>\n\t\t<div class=\"has_eae_slider elementor-element elementor-element-d253f52 e-con-full e-flex e-con e-child\" data-id=\"d253f52\" data-element_type=\"container\">\n\t\t\t\t<div class=\"elementor-element elementor-element-bff052a premium-header-inline elementor-widget elementor-widget-premium-addon-dual-header\" data-id=\"bff052a\" data-element_type=\"widget\" data-widget_type=\"premium-addon-dual-header.default\">\n\t\t\t\t<div class=\"elementor-widget-container\">\n\t\t\t\t\t\r\n\t\t\t\t\t<p class=\"premium-dual-header-first-header \"><span class=\"premium-dual-header-first-span\">Alin C\u00eertog <\/span><span class=\"premium-dual-header-second-header \">PhD Candidate<\/span><\/p> \t\t\r\n\t\t\t\t\t\t<\/div>\n\t\t\t\t<\/div>\n\t\t\t\t<div class=\"elementor-element elementor-element-810adfd elementor-widget elementor-widget-text-editor\" data-id=\"810adfd\" data-element_type=\"widget\" data-widget_type=\"text-editor.default\">\n\t\t\t\t<div class=\"elementor-widget-container\">\n\t\t\t\t\t\t\t\t\t<p>Alin C\u00eertog is a professor of Romanian language and literature at Avenor College in Bucharest. Since 2023, he is enrolled in a doctoral program with a research project entitled \u201cChildren\u2019s Literature in Post-Communist Romania,\u201d in which addresses topics such as: conceptual boundaries of children\u2019s literature at the national and international levels, the evolution of children\u2019s literature in Romania during the post-communist period, thematic diversity (taxonomies) and the hybridization of genres and literary forms for children. He is passionate about research in fields such as literary criticism, literary theory, world literature and children\u2019s literature.<\/p>\t\t\t\t\t\t\t\t<\/div>\n\t\t\t\t<\/div>\n\t\t\t\t<\/div>\n\t\t\t\t\t<\/div>\n\t\t\t\t<\/div>\n\t\t<div class=\"has_eae_slider elementor-element elementor-element-2ed2c25 e-flex e-con-boxed e-con e-parent\" data-id=\"2ed2c25\" data-element_type=\"container\">\n\t\t\t\t\t<div class=\"e-con-inner\">\n\t\t<div class=\"has_eae_slider elementor-element elementor-element-a52c301 e-con-full e-flex e-con e-child\" data-id=\"a52c301\" data-element_type=\"container\">\n\t\t\t\t<div class=\"elementor-element elementor-element-297ffb4 elementor-widget elementor-widget-image\" data-id=\"297ffb4\" data-element_type=\"widget\" data-widget_type=\"image.default\">\n\t\t\t\t<div class=\"elementor-widget-container\">\n\t\t\t\t\t\t\t\t\t\t\t\t\t\t\t<img loading=\"lazy\" decoding=\"async\" width=\"650\" height=\"650\" src=\"https:\/\/grants.ulbsibiu.ro\/strasyn\/wp-content\/uploads\/STRASYN-Coman-650x650.jpg\" class=\"attachment-qi_addons_for_elementor_image_size_square size-qi_addons_for_elementor_image_size_square wp-image-34\" alt=\"\" srcset=\"https:\/\/grants.ulbsibiu.ro\/strasyn\/wp-content\/uploads\/STRASYN-Coman-650x650.jpg 650w, https:\/\/grants.ulbsibiu.ro\/strasyn\/wp-content\/uploads\/STRASYN-Coman-150x150.jpg 150w, https:\/\/grants.ulbsibiu.ro\/strasyn\/wp-content\/uploads\/STRASYN-Coman-1300x1300.jpg 1300w\" sizes=\"(max-width: 650px) 100vw, 650px\" \/>\t\t\t\t\t\t\t\t\t\t\t\t\t\t\t<\/div>\n\t\t\t\t<\/div>\n\t\t\t\t<\/div>\n\t\t<div class=\"has_eae_slider elementor-element elementor-element-ff913ee e-con-full e-flex e-con e-child\" data-id=\"ff913ee\" data-element_type=\"container\">\n\t\t\t\t<div class=\"elementor-element elementor-element-aa9accf premium-header-inline elementor-widget elementor-widget-premium-addon-dual-header\" data-id=\"aa9accf\" data-element_type=\"widget\" data-widget_type=\"premium-addon-dual-header.default\">\n\t\t\t\t<div class=\"elementor-widget-container\">\n\t\t\t\t\t\r\n\t\t\t\t\t<p class=\"premium-dual-header-first-header \"><span class=\"premium-dual-header-first-span\">Daniel Coman <\/span><span class=\"premium-dual-header-second-header \">PhD Candidate<\/span><\/p> \t\t\r\n\t\t\t\t\t\t<\/div>\n\t\t\t\t<\/div>\n\t\t\t\t<div class=\"elementor-element elementor-element-075e3ca elementor-widget elementor-widget-text-editor\" data-id=\"075e3ca\" data-element_type=\"widget\" data-widget_type=\"text-editor.default\">\n\t\t\t\t<div class=\"elementor-widget-container\">\n\t\t\t\t\t\t\t\t\t<p>Daniel Coman is an editor with Lucian Blaga University of Sibiu Press as well as an editor of <em>Z9Magazine<\/em> and a co-organizer of <em>Z9Festival<\/em>, a literary festival that helps promote young emerging writers. His doctoral thesis, titled <em>Deviant Psychologies in the Interwar Romanian Novel<\/em>, is concerned with the various psychologically deviant types present in the Romanian interwar literature. Either as a research assistant or a translator, he has been part of several research projects, such as <em>Romanian Literary Patrimony Preservation and Valorization by using Intelligent Digital Solutions for Extracting and Systematization of Knowledge<\/em>, <em>The Digital Analysis of Romanian Poetry from its Origins to 1900: Stylistic Regimes, Thematic Models, Geographical Dispersions, <\/em>and<em> Theorizing (Sub)Peripheries: Strategies of Synchronization in Southeast European Literary and Cultural Criticism<\/em>.<\/p>\t\t\t\t\t\t\t\t<\/div>\n\t\t\t\t<\/div>\n\t\t\t\t<\/div>\n\t\t\t\t\t<\/div>\n\t\t\t\t<\/div>\n\t\t\t\t<\/div>\n\t\t","protected":false},"excerpt":{"rendered":"<p>Galin Tihanov Principal Investigator Galin Tihanov is the George Steiner Professor of Comparative Literature at Queen Mary University of London. He has held visiting professorships at universities in Europe, North and South America, and Asia. He is the author of six books, including\u00a0The Birth and Death of Literary Theory: Regimes of Relevance in Russia and [&hellip;]<\/p>\n","protected":false},"author":1,"featured_media":0,"parent":0,"menu_order":0,"comment_status":"closed","ping_status":"closed","template":"","meta":{"footnotes":""},"class_list":["post-27","page","type-page","status-publish","hentry"],"_links":{"self":[{"href":"https:\/\/grants.ulbsibiu.ro\/strasyn\/wp-json\/wp\/v2\/pages\/27","targetHints":{"allow":["GET"]}}],"collection":[{"href":"https:\/\/grants.ulbsibiu.ro\/strasyn\/wp-json\/wp\/v2\/pages"}],"about":[{"href":"https:\/\/grants.ulbsibiu.ro\/strasyn\/wp-json\/wp\/v2\/types\/page"}],"author":[{"embeddable":true,"href":"https:\/\/grants.ulbsibiu.ro\/strasyn\/wp-json\/wp\/v2\/users\/1"}],"replies":[{"embeddable":true,"href":"https:\/\/grants.ulbsibiu.ro\/strasyn\/wp-json\/wp\/v2\/comments?post=27"}],"version-history":[{"count":21,"href":"https:\/\/grants.ulbsibiu.ro\/strasyn\/wp-json\/wp\/v2\/pages\/27\/revisions"}],"predecessor-version":[{"id":101,"href":"https:\/\/grants.ulbsibiu.ro\/strasyn\/wp-json\/wp\/v2\/pages\/27\/revisions\/101"}],"wp:attachment":[{"href":"https:\/\/grants.ulbsibiu.ro\/strasyn\/wp-json\/wp\/v2\/media?parent=27"}],"curies":[{"name":"wp","href":"https:\/\/api.w.org\/{rel}","templated":true}]}}