{"id":112,"date":"2025-08-19T18:02:25","date_gmt":"2025-08-19T16:02:25","guid":{"rendered":"https:\/\/grants.ulbsibiu.ro\/leadtheteam\/?page_id=112"},"modified":"2025-11-11T22:37:53","modified_gmt":"2025-11-11T20:37:53","slug":"evenimente","status":"publish","type":"page","link":"https:\/\/grants.ulbsibiu.ro\/leadtheteam\/evenimente\/","title":{"rendered":"Evenimente"},"content":{"rendered":"\n<div class=\"wp-block-group has-global-padding is-layout-constrained wp-container-core-group-is-layout-6af1d10c wp-block-group-is-layout-constrained\" style=\"padding-top:0;padding-bottom:var(--wp--preset--spacing--x-large)\">\n<div class=\"wp-block-columns is-layout-flex wp-container-core-columns-is-layout-494b7923 wp-block-columns-is-layout-flex\">\n<div class=\"wp-block-column is-layout-flow wp-block-column-is-layout-flow\" style=\"flex-basis:66.66%\">\n<div class=\"wp-block-query alignwide is-layout-flow wp-block-query-is-layout-flow\"><ul class=\"wp-block-post-template is-layout-flow wp-container-core-post-template-is-layout-4f6b83ee wp-block-post-template-is-layout-flow\"><li class=\"wp-block-post post-482 post type-post status-publish format-standard hentry category-evenimente category-stiri\">\n\n<div class=\"wp-block-group is-style-bk-box-shadow has-pure-white-background-color has-background has-global-padding is-layout-constrained wp-container-core-group-is-layout-9a4c8acf wp-block-group-is-layout-constrained\" style=\"border-radius:6px;padding-top:var(--wp--preset--spacing--small);padding-right:var(--wp--preset--spacing--small);padding-bottom:var(--wp--preset--spacing--small);padding-left:var(--wp--preset--spacing--small)\">\n\n\n<div class=\"wp-block-group is-vertical is-layout-flex wp-container-core-group-is-layout-280109de wp-block-group-is-layout-flex\" style=\"margin-bottom:var(--wp--preset--spacing--small);padding-top:var(--wp--preset--spacing--x-small);padding-right:var(--wp--preset--spacing--x-small);padding-left:var(--wp--preset--spacing--x-small)\"><h4 style=\"margin-top:var(--wp--preset--spacing--xx-small);margin-bottom:var(--wp--preset--spacing--xx-small);\" class=\"wp-block-post-title has-text-color has-heading-color\"><a href=\"https:\/\/grants.ulbsibiu.ro\/leadtheteam\/international-conference-leadk12\/\" target=\"_self\" >International Conference\u00a0LEADK12<\/a><\/h4>\n\n\n<div class=\"wp-block-group is-nowrap is-layout-flex wp-container-core-group-is-layout-9dcc9912 wp-block-group-is-layout-flex\"><div style=\"text-transform:capitalize; padding-top:var(--wp--preset--spacing--xx-small);padding-bottom:var(--wp--preset--spacing--xx-small);padding-left:var(--wp--preset--spacing--xx-small);padding-right:var(--wp--preset--spacing--xx-small);margin-top:0;margin-bottom:0;\" class=\"has-link-color wp-elements-ff91b43a818ddf9cd90c35f6b3f6d17a wp-block-post-date has-text-color has-pure-white-color has-background has-primary-background-color has-x-small-font-size\"><time datetime=\"2026-02-02T01:35:59+02:00\"><a href=\"https:\/\/grants.ulbsibiu.ro\/leadtheteam\/international-conference-leadk12\/\">feb. 2, 2026<\/a><\/time><\/div><\/div>\n\n\n<div class=\"wp-block-post-excerpt\"><p class=\"wp-block-post-excerpt__excerpt\">The International Conference on Management and Entrepreneurial Leadership for K-12 Education Excellence\u00a0will be held April 23-25, 2026 at the \u201cLucian Blaga\u201d University of Sibiu, in Transylvania, nestled in the heart of Romania. The LEADK12 International Conference 2026 is organized by the \u201cLucian Blaga\u201d University of Sibiu (ULBS), within the \u201cLEAD the team!\u201d project, funded by&hellip; <\/p><\/div><\/div>\n<\/div>\n\n<\/li><li class=\"wp-block-post post-472 post type-post status-publish format-standard hentry category-evenimente category-stiri\">\n\n<div class=\"wp-block-group is-style-bk-box-shadow has-pure-white-background-color has-background has-global-padding is-layout-constrained wp-container-core-group-is-layout-9a4c8acf wp-block-group-is-layout-constrained\" style=\"border-radius:6px;padding-top:var(--wp--preset--spacing--small);padding-right:var(--wp--preset--spacing--small);padding-bottom:var(--wp--preset--spacing--small);padding-left:var(--wp--preset--spacing--small)\">\n\n\n<div class=\"wp-block-group is-vertical is-layout-flex wp-container-core-group-is-layout-280109de wp-block-group-is-layout-flex\" style=\"margin-bottom:var(--wp--preset--spacing--small);padding-top:var(--wp--preset--spacing--x-small);padding-right:var(--wp--preset--spacing--x-small);padding-left:var(--wp--preset--spacing--x-small)\"><h4 style=\"margin-top:var(--wp--preset--spacing--xx-small);margin-bottom:var(--wp--preset--spacing--xx-small);\" class=\"wp-block-post-title has-text-color has-heading-color\"><a href=\"https:\/\/grants.ulbsibiu.ro\/leadtheteam\/inceperea-activitatilor-de-formare-la-seria-2\/\" target=\"_self\" >\u00cenceperea activit\u0103\u021bilor de formare la Seria 2<\/a><\/h4>\n\n\n<div class=\"wp-block-group is-nowrap is-layout-flex wp-container-core-group-is-layout-9dcc9912 wp-block-group-is-layout-flex\"><div style=\"text-transform:capitalize; padding-top:var(--wp--preset--spacing--xx-small);padding-bottom:var(--wp--preset--spacing--xx-small);padding-left:var(--wp--preset--spacing--xx-small);padding-right:var(--wp--preset--spacing--xx-small);margin-top:0;margin-bottom:0;\" class=\"has-link-color wp-elements-ff91b43a818ddf9cd90c35f6b3f6d17a wp-block-post-date has-text-color has-pure-white-color has-background has-primary-background-color has-x-small-font-size\"><time datetime=\"2026-01-05T18:59:00+02:00\"><a href=\"https:\/\/grants.ulbsibiu.ro\/leadtheteam\/inceperea-activitatilor-de-formare-la-seria-2\/\">ian. 5, 2026<\/a><\/time><\/div><\/div>\n\n\n<div class=\"wp-block-post-excerpt\"><p class=\"wp-block-post-excerpt__excerpt\">\u00cen perioada 16.01.2026 \u2013 19.02.2026 vor avea loc activit\u0103\u021bile de formare pentru Seria 2, din cadrul programelor de formare continu\u0103 Leadership Educa\u021bional pentru Excelen\u021b\u0103 \u00een Managementul \u0218colar \u0219i Excelen\u021b\u0103 \u00een Conducerea Educa\u021bional\u0103 Leadership Strategic pentru Inspectoratele \u0218colare. Evaluarea final\u0103 va avea loc \u00een 14.03.2026. Activit\u0103\u021bile de formare se vor desf\u0103\u0219ura \u00een sistem blended learning (fa\u021b\u0103&hellip; <\/p><\/div><\/div>\n<\/div>\n\n<\/li><li class=\"wp-block-post post-468 post type-post status-publish format-standard hentry category-evenimente category-stiri\">\n\n<div class=\"wp-block-group is-style-bk-box-shadow has-pure-white-background-color has-background has-global-padding is-layout-constrained wp-container-core-group-is-layout-9a4c8acf wp-block-group-is-layout-constrained\" style=\"border-radius:6px;padding-top:var(--wp--preset--spacing--small);padding-right:var(--wp--preset--spacing--small);padding-bottom:var(--wp--preset--spacing--small);padding-left:var(--wp--preset--spacing--small)\">\n\n\n<div class=\"wp-block-group is-vertical is-layout-flex wp-container-core-group-is-layout-280109de wp-block-group-is-layout-flex\" style=\"margin-bottom:var(--wp--preset--spacing--small);padding-top:var(--wp--preset--spacing--x-small);padding-right:var(--wp--preset--spacing--x-small);padding-left:var(--wp--preset--spacing--x-small)\"><h4 style=\"margin-top:var(--wp--preset--spacing--xx-small);margin-bottom:var(--wp--preset--spacing--xx-small);\" class=\"wp-block-post-title has-text-color has-heading-color\"><a href=\"https:\/\/grants.ulbsibiu.ro\/leadtheteam\/certificarea-cursantilor-din-seria-1\/\" target=\"_self\" >Certificarea cursan\u021bilor din Seria 1<\/a><\/h4>\n\n\n<div class=\"wp-block-group is-nowrap is-layout-flex wp-container-core-group-is-layout-9dcc9912 wp-block-group-is-layout-flex\"><div style=\"text-transform:capitalize; padding-top:var(--wp--preset--spacing--xx-small);padding-bottom:var(--wp--preset--spacing--xx-small);padding-left:var(--wp--preset--spacing--xx-small);padding-right:var(--wp--preset--spacing--xx-small);margin-top:0;margin-bottom:0;\" class=\"has-link-color wp-elements-ff91b43a818ddf9cd90c35f6b3f6d17a wp-block-post-date has-text-color has-pure-white-color has-background has-primary-background-color has-x-small-font-size\"><time datetime=\"2025-12-22T00:17:50+02:00\"><a href=\"https:\/\/grants.ulbsibiu.ro\/leadtheteam\/certificarea-cursantilor-din-seria-1\/\">dec. 22, 2025<\/a><\/time><\/div><\/div>\n\n\n<div class=\"wp-block-post-excerpt\"><p class=\"wp-block-post-excerpt__excerpt\">\u00cen urma finaliz\u0103rii\u00a0Seriei 1\u00a0de formare din cadrul proiectul de &#8222;LEAD the team&#8221;, au fost eliberate\u00a0263 certificate pentru participan\u021bi, dup\u0103 cum urmeaz\u0103: &#8211;&nbsp;238 certificate de formare&nbsp;pentru cursan\u021bii din programul&nbsp;Leadership Educa\u021bional pentru Excelen\u021b\u0103 \u00een Managementul \u0218colar &#8211;&nbsp;25 certificate de formare&nbsp;pentru cursan\u021bii din programul&nbsp;Excelen\u021b\u0103 \u00een Conducerea Educa\u021bional\u0103 Leadership Strategic pentru Inspectoratele \u0218colare Procesul de certificare confirm\u0103 finalizarea cu&hellip; <\/p><\/div><\/div>\n<\/div>\n\n<\/li><li class=\"wp-block-post post-441 post type-post status-publish format-standard hentry category-evenimente category-stiri\">\n\n<div class=\"wp-block-group is-style-bk-box-shadow has-pure-white-background-color has-background has-global-padding is-layout-constrained wp-container-core-group-is-layout-9a4c8acf wp-block-group-is-layout-constrained\" style=\"border-radius:6px;padding-top:var(--wp--preset--spacing--small);padding-right:var(--wp--preset--spacing--small);padding-bottom:var(--wp--preset--spacing--small);padding-left:var(--wp--preset--spacing--small)\">\n\n\n<div class=\"wp-block-group is-vertical is-layout-flex wp-container-core-group-is-layout-280109de wp-block-group-is-layout-flex\" style=\"margin-bottom:var(--wp--preset--spacing--small);padding-top:var(--wp--preset--spacing--x-small);padding-right:var(--wp--preset--spacing--x-small);padding-left:var(--wp--preset--spacing--x-small)\"><h4 style=\"margin-top:var(--wp--preset--spacing--xx-small);margin-bottom:var(--wp--preset--spacing--xx-small);\" class=\"wp-block-post-title has-text-color has-heading-color\"><a href=\"https:\/\/grants.ulbsibiu.ro\/leadtheteam\/inceperea-activitatilor-de-formare-la-seria-1\/\" target=\"_self\" >\u00cenceperea activit\u0103\u021bilor de formare la Seria 1<\/a><\/h4>\n\n\n<div class=\"wp-block-group is-nowrap is-layout-flex wp-container-core-group-is-layout-9dcc9912 wp-block-group-is-layout-flex\"><div style=\"text-transform:capitalize; padding-top:var(--wp--preset--spacing--xx-small);padding-bottom:var(--wp--preset--spacing--xx-small);padding-left:var(--wp--preset--spacing--xx-small);padding-right:var(--wp--preset--spacing--xx-small);margin-top:0;margin-bottom:0;\" class=\"has-link-color wp-elements-ff91b43a818ddf9cd90c35f6b3f6d17a wp-block-post-date has-text-color has-pure-white-color has-background has-primary-background-color has-x-small-font-size\"><time datetime=\"2025-10-01T22:30:59+02:00\"><a href=\"https:\/\/grants.ulbsibiu.ro\/leadtheteam\/inceperea-activitatilor-de-formare-la-seria-1\/\">oct. 1, 2025<\/a><\/time><\/div><\/div>\n\n\n<div class=\"wp-block-post-excerpt\"><p class=\"wp-block-post-excerpt__excerpt\">\u00cen perioada 17.10.2025 \u2013 25.11.2025 vor avea loc activit\u0103\u021bile de formare pentru Seria 1, din cadrul programelor de formare continu\u0103 Leadership Educa\u021bional pentru Excelen\u021b\u0103 \u00een Managementul \u0218colar \u0219i Excelen\u021b\u0103 \u00een Conducerea Educa\u021bional\u0103 Leadership Strategic pentru Inspectoratele \u0218colare. Evaluarea final\u0103 va avea loc \u00een 13.12.2025. Activit\u0103\u021bile de formare se vor desf\u0103\u0219ura \u00een sistem blended learning (fa\u021b\u0103&hellip; <\/p><\/div><\/div>\n<\/div>\n\n<\/li><\/ul>\n\n<\/div>\n<\/div>\n\n\n\n<div class=\"wp-block-column is-layout-flow wp-block-column-is-layout-flow\" style=\"flex-basis:33.33%\"><div class=\"wp-block-template-part\">\n<div class=\"wp-block-group is-layout-flow wp-container-core-group-is-layout-360d14ef wp-block-group-is-layout-flow\">\n<div class=\"wp-block-group is-style-bk-box-shadow has-pure-white-background-color has-background is-layout-flow wp-block-group-is-layout-flow\" style=\"border-radius:6px;padding-top:var(--wp--preset--spacing--medium);padding-right:var(--wp--preset--spacing--medium);padding-bottom:var(--wp--preset--spacing--medium);padding-left:var(--wp--preset--spacing--medium)\"><form role=\"search\" method=\"get\" action=\"https:\/\/grants.ulbsibiu.ro\/leadtheteam\/\" class=\"wp-block-search__button-outside wp-block-search__icon-button wp-block-search\"    ><label class=\"wp-block-search__label screen-reader-text\" for=\"wp-block-search__input-1\" >Search<\/label><div class=\"wp-block-search__inside-wrapper \" ><input class=\"wp-block-search__input has-border-color has-outline-border-color\" id=\"wp-block-search__input-1\" placeholder=\"\" value=\"\" type=\"search\" name=\"s\" required \/><button aria-label=\"Search\" class=\"wp-block-search__button has-border-color has-outline-border-color has-icon wp-element-button\" type=\"submit\" ><svg class=\"search-icon\" viewBox=\"0 0 24 24\" width=\"24\" height=\"24\">\n\t\t\t\t\t<path d=\"M13 5c-3.3 0-6 2.7-6 6 0 1.4.5 2.7 1.3 3.7l-3.8 3.8 1.1 1.1 3.8-3.8c1 .8 2.3 1.3 3.7 1.3 3.3 0 6-2.7 6-6S16.3 5 13 5zm0 10.5c-2.5 0-4.5-2-4.5-4.5s2-4.5 4.5-4.5 4.5 2 4.5 4.5-2 4.5-4.5 4.5z\"><\/path>\n\t\t\t\t<\/svg><\/button><\/div><\/form><\/div>\n\n\n\n<div class=\"wp-block-group is-style-bk-box-shadow has-pure-white-background-color has-background is-layout-flow wp-block-group-is-layout-flow\" style=\"border-radius:6px;padding-top:var(--wp--preset--spacing--medium);padding-right:var(--wp--preset--spacing--medium);padding-bottom:var(--wp--preset--spacing--medium);padding-left:var(--wp--preset--spacing--medium)\">\n<h3 class=\"wp-block-heading has-large-font-size\">Istoric Anun\u021buri<\/h3>\n\n\n<ul style=\"text-transform:capitalize;\" class=\"wp-block-archives-list wp-block-archives\">\t<li><a href='https:\/\/grants.ulbsibiu.ro\/leadtheteam\/2026\/02\/'>februarie 2026<\/a><\/li>\n\t<li><a href='https:\/\/grants.ulbsibiu.ro\/leadtheteam\/2026\/01\/'>ianuarie 2026<\/a><\/li>\n\t<li><a href='https:\/\/grants.ulbsibiu.ro\/leadtheteam\/2025\/12\/'>decembrie 2025<\/a><\/li>\n\t<li><a href='https:\/\/grants.ulbsibiu.ro\/leadtheteam\/2025\/10\/'>octombrie 2025<\/a><\/li>\n<\/ul><\/div>\n\n\n\n<div class=\"wp-block-group is-style-bk-box-shadow has-pure-white-background-color has-background is-layout-flow wp-block-group-is-layout-flow\" style=\"border-radius:6px;padding-top:var(--wp--preset--spacing--medium);padding-right:var(--wp--preset--spacing--medium);padding-bottom:var(--wp--preset--spacing--medium);padding-left:var(--wp--preset--spacing--medium)\">\n<h3 class=\"wp-block-heading has-large-font-size\">Anun\u021buri recente<\/h3>\n\n\n<ul style=\"margin-top:20px;margin-right:0;margin-bottom:0;margin-left:0;\" class=\"wp-block-latest-posts__list has-dates wp-block-latest-posts\"><li><a class=\"wp-block-latest-posts__post-title\" href=\"https:\/\/grants.ulbsibiu.ro\/leadtheteam\/international-conference-leadk12\/\">International Conference\u00a0LEADK12<\/a><time datetime=\"2026-02-02T01:35:59+02:00\" class=\"wp-block-latest-posts__post-date\">februarie 2, 2026<\/time><\/li>\n<li><a class=\"wp-block-latest-posts__post-title\" href=\"https:\/\/grants.ulbsibiu.ro\/leadtheteam\/inceperea-activitatilor-de-formare-la-seria-2\/\">\u00cenceperea activit\u0103\u021bilor de formare la Seria 2<\/a><time datetime=\"2026-01-05T18:59:00+02:00\" class=\"wp-block-latest-posts__post-date\">ianuarie 5, 2026<\/time><\/li>\n<li><a class=\"wp-block-latest-posts__post-title\" href=\"https:\/\/grants.ulbsibiu.ro\/leadtheteam\/certificarea-cursantilor-din-seria-1\/\">Certificarea cursan\u021bilor din Seria 1<\/a><time datetime=\"2025-12-22T00:17:50+02:00\" class=\"wp-block-latest-posts__post-date\">decembrie 22, 2025<\/time><\/li>\n<li><a class=\"wp-block-latest-posts__post-title\" href=\"https:\/\/grants.ulbsibiu.ro\/leadtheteam\/inceperea-activitatilor-de-formare-la-seria-1\/\">\u00cenceperea activit\u0103\u021bilor de formare la Seria 1<\/a><time datetime=\"2025-10-01T22:30:59+02:00\" class=\"wp-block-latest-posts__post-date\">octombrie 1, 2025<\/time><\/li>\n<\/ul><\/div>\n\n\n\n<div class=\"wp-block-group is-style-bk-box-shadow has-pure-white-background-color has-background is-layout-flow wp-block-group-is-layout-flow\" style=\"border-radius:6px;padding-top:var(--wp--preset--spacing--medium);padding-right:var(--wp--preset--spacing--medium);padding-bottom:var(--wp--preset--spacing--medium);padding-left:var(--wp--preset--spacing--medium)\">\n<h3 class=\"wp-block-heading has-large-font-size\">Categorii<\/h3>\n\n\n<ul class=\"wp-block-categories-list wp-block-categories\">\t<li class=\"cat-item cat-item-7\"><a href=\"https:\/\/grants.ulbsibiu.ro\/leadtheteam\/category\/evenimente\/\">Evenimente<\/a>\n<\/li>\n\t<li class=\"cat-item cat-item-1\"><a href=\"https:\/\/grants.ulbsibiu.ro\/leadtheteam\/category\/stiri\/\">Stiri<\/a>\n<\/li>\n<\/ul><\/div>\n\n\n\n<div class=\"wp-block-group is-style-bk-box-shadow has-pure-white-background-color has-background is-layout-flow wp-block-group-is-layout-flow\" style=\"border-radius:6px;padding-top:var(--wp--preset--spacing--medium);padding-right:var(--wp--preset--spacing--medium);padding-bottom:var(--wp--preset--spacing--medium);padding-left:var(--wp--preset--spacing--medium)\">\n<h3 class=\"wp-block-heading has-large-font-size\">Linkuri utile<\/h3>\n\n\n<nav class=\"items-justified-left is-vertical wp-block-navigation is-content-justification-left is-layout-flex wp-container-core-navigation-is-layout-068b83cd wp-block-navigation-is-layout-flex\" aria-label=\"Navigation Footer\"><ul class=\"wp-block-navigation__container items-justified-left is-vertical wp-block-navigation\"><li class=\" wp-block-navigation-item wp-block-navigation-link\"><a class=\"wp-block-navigation-item__content\"  href=\"https:\/\/mfe.gov.ro\/pnrr\/\" target=\"_blank\"  ><span class=\"wp-block-navigation-item__label\">Planul Na\u021bional de Redresare \u0219i Rezilien\u021b\u0103 (PNRR)<\/span><\/a><\/li><li class=\" wp-block-navigation-item wp-block-navigation-link\"><a class=\"wp-block-navigation-item__content\"  href=\"https:\/\/www.facebook.com\/PNRROficial\/\" target=\"_blank\"  ><span class=\"wp-block-navigation-item__label\">Facebook PNRR<\/span><\/a><\/li><li class=\" wp-block-navigation-item wp-block-navigation-link\"><a class=\"wp-block-navigation-item__content\"  href=\"https:\/\/next-generation-eu.europa.eu\/index_ro\" target=\"_blank\"  ><span class=\"wp-block-navigation-item__label\">NextGenerationEU<\/span><\/a><\/li><li class=\" wp-block-navigation-item wp-block-navigation-link\"><a class=\"wp-block-navigation-item__content\"  href=\"https:\/\/grants.ulbsibiu.ro\/leadtheteam\/despre-proiect\/\"><span class=\"wp-block-navigation-item__label\">Despre<\/span><\/a><\/li><\/ul><\/nav><\/div>\n<\/div>\n<\/div><\/div>\n<\/div>\n<\/div>\n","protected":false},"excerpt":{"rendered":"","protected":false},"author":1,"featured_media":0,"parent":0,"menu_order":0,"comment_status":"closed","ping_status":"closed","template":"","meta":{"inline_featured_image":false,"_uag_custom_page_level_css":"","footnotes":""},"class_list":["post-112","page","type-page","status-publish","hentry"],"uagb_featured_image_src":{"full":false,"thumbnail":false,"medium":false,"medium_large":false,"large":false,"1536x1536":false,"2048x2048":false},"uagb_author_info":{"display_name":"first","author_link":"https:\/\/grants.ulbsibiu.ro\/leadtheteam\/author\/first\/"},"uagb_comment_info":0,"uagb_excerpt":null,"_links":{"self":[{"href":"https:\/\/grants.ulbsibiu.ro\/leadtheteam\/wp-json\/wp\/v2\/pages\/112","targetHints":{"allow":["GET"]}}],"collection":[{"href":"https:\/\/grants.ulbsibiu.ro\/leadtheteam\/wp-json\/wp\/v2\/pages"}],"about":[{"href":"https:\/\/grants.ulbsibiu.ro\/leadtheteam\/wp-json\/wp\/v2\/types\/page"}],"author":[{"embeddable":true,"href":"https:\/\/grants.ulbsibiu.ro\/leadtheteam\/wp-json\/wp\/v2\/users\/1"}],"replies":[{"embeddable":true,"href":"https:\/\/grants.ulbsibiu.ro\/leadtheteam\/wp-json\/wp\/v2\/comments?post=112"}],"version-history":[{"count":6,"href":"https:\/\/grants.ulbsibiu.ro\/leadtheteam\/wp-json\/wp\/v2\/pages\/112\/revisions"}],"predecessor-version":[{"id":446,"href":"https:\/\/grants.ulbsibiu.ro\/leadtheteam\/wp-json\/wp\/v2\/pages\/112\/revisions\/446"}],"wp:attachment":[{"href":"https:\/\/grants.ulbsibiu.ro\/leadtheteam\/wp-json\/wp\/v2\/media?parent=112"}],"curies":[{"name":"wp","href":"https:\/\/api.w.org\/{rel}","templated":true}]}}